{"id":8101,"date":"2026-04-27T15:08:12","date_gmt":"2026-04-27T15:08:12","guid":{"rendered":""},"modified":"2026-04-27T15:08:12","modified_gmt":"2026-04-27T15:08:12","slug":"dremel-r-p367-kuchynska-dratenka-versa-pc367-3-omezena-nabidka-8101","status":"publish","type":"product","link":"https:\/\/www.domstavpro.com\/index.php\/produkt\/dremel-r-p367-kuchynska-dratenka-versa-pc367-3-omezena-nabidka-8101\/","title":{"rendered":"DREMEL\u00ae P367 Kuchy\u0148sk\u00e1 dr\u00e1t\u011bnka Versa (PC367-3) Omezen\u00e1 Nab\u00eddka"},"content":{"rendered":"<table>\n<div class=\"tab-pane active product-description\" id=\"popis\" role=\"tabpanel\">\n<div class=\"short-description\" itemprop=\"description\"><\/div>\n<div class=\"description\"><span class='bullet-line'>Kuchy\u0148sk\u00e1 dr\u00e1t\u011bnka je ide\u00e1ln\u00ed na odstran\u011bn\u00ed ne\u010distot a\u00a0zbytk\u016f j\u00eddla z\u00a0hrnc\u016f a\u00a0p\u00e1nv\u00ed a\u00a0dal\u0161\u00edch povrch\u016f.<br \/><\/span><span class='bullet-line'>Kuchy\u0148sk\u00e1 dr\u00e1t\u011bnka je d\u00edky sv\u00fdm drhnouc\u00edm schopnostem ide\u00e1ln\u00ed na ka\u017edodenn\u00ed \u010di\u0161t\u011bn\u00ed, p\u0159i kter\u00e9m odstran\u00ed zbytky j\u00eddel i\u00a0odoln\u00e9 ne\u010distoty v\u00a0kuchyni.<br \/><\/span><span class='bullet-line'>Postavte se k\u00a0v\u00fdzv\u011b \u010delem s\u00a0kuchy\u0148skou dr\u00e1t\u011bnkou a\u00a0odstra\u0148te nape\u010den\u00e9 zbytky j\u00eddla z\u00a0hrnc\u016f a\u00a0p\u00e1nv\u00ed \u010di vydrhn\u011bte ne\u010distoty kolem ho\u0159\u00e1k\u016f a\u00a0m\u0159\u00ed\u017eek na spor\u00e1ku \u010di na ro\u0161tech v\u00a0troub\u011b.<br \/><\/span><span class='bullet-line'>Lze pou\u017e\u00edvat za sucha i\u00a0za mokra i\u00a0v\u00a0kombinaci s\u00a0n\u00e1stavcem chr\u00e1n\u00edc\u00edm proti st\u0159\u00edkanc\u016fm, d\u00edky \u010demu\u017e si je\u0161t\u011b l\u00e9pe porad\u00ed s\u00a0r\u016fzn\u00fdmi druhy \u010di\u0161t\u011bn\u00ed v\u00a0kuchyni.<br \/><\/span><span class='bullet-line'>Rychl\u00e1 a\u00a0snadn\u00e1 instalace p\u0159ilo\u017een\u00edm na op\u011brn\u00fd tal\u00ed\u0159 n\u00e1\u0159ad\u00ed Dremel Versa.<br \/><\/span><span class='bullet-line'>Jedna kuchy\u0148sk\u00e1 dr\u00e1t\u011bnka, mnoho \u010distic\u00edch projekt\u016f. Kuchy\u0148skou dr\u00e1t\u011bnku lze om\u00fdvat, a\u00a0hod\u00ed se tak pro opakovan\u00e9 pou\u017eit\u00ed.<\/span><\/div>\n<div class=\"parameters\">\n<tr>\n<td>Pracovn\u00ed pr\u016fm\u011br<\/td>\n<td>63,5 mm<\/td>\n<\/tr>\n<tr>\n<td>\u0160\u00ed\u0159ka<\/td>\n<td>63,5 mm<\/td>\n<\/tr>\n<tr>\n<td>Maxim\u00e1ln\u00ed ot\/min<\/td>\n<td>2.200 ot\/min<\/td>\n<\/tr>\n<tr>\n<td>Obsah balen\u00ed<\/td>\n<td>3 kus\u016f<\/td>\n<\/tr><\/div>\n<\/table>\n","protected":false},"excerpt":{"rendered":"<p>Kuchy\u0148sk\u00e1 dr\u00e1t\u011bnka je ide\u00e1ln\u00ed na odstran\u011bn\u00ed ne\u010distot a\u00a0zbytk\u016f j\u00eddla z\u00a0hrnc\u016f a\u00a0p\u00e1nv\u00ed a\u00a0dal\u0161\u00edch povrch\u016f.Kuchy\u0148sk\u00e1 dr\u00e1t\u011bnka je d\u00edky sv\u00fdm drhnouc\u00edm schopnostem ide\u00e1ln\u00ed na ka\u017edodenn\u00ed \u010di\u0161t\u011bn\u00ed, p\u0159i kter\u00e9m odstran\u00ed zbytky j\u00eddel i\u00a0odoln\u00e9 ne\u010distoty v\u00a0kuchyni.Postavte se k\u00a0v\u00fdzv\u011b \u010delem s\u00a0kuchy\u0148skou dr\u00e1t\u011bnkou a\u00a0odstra\u0148te nape\u010den\u00e9 zbytky j\u00eddla z\u00a0hrnc\u016f a\u00a0p\u00e1nv\u00ed \u010di vydrhn\u011bte ne\u010distoty kolem ho\u0159\u00e1k\u016f a\u00a0m\u0159\u00ed\u017eek na spor\u00e1ku \u010di na ro\u0161tech v\u00a0troub\u011b.Lze pou\u017e\u00edvat [&hellip;]<\/p>\n","protected":false},"featured_media":8201,"comment_status":"open","ping_status":"open","template":"","meta":[],"product_brand":[],"product_cat":[46,48,47],"product_tag":[],"class_list":{"0":"post-8101","1":"product","2":"type-product","3":"status-publish","4":"has-post-thumbnail","6":"product_cat-barvy","7":"product_cat-chemie","8":"product_cat-laky","10":"first","11":"instock","12":"sale","13":"shipping-taxable","14":"purchasable","15":"product-type-simple"},"yoast_head":"<!-- This site is optimized with the Yoast SEO plugin v26.8 - https:\/\/yoast.com\/product\/yoast-seo-wordpress\/ -->\n<title>DREMEL\u00ae P367 Kuchy\u0148sk\u00e1 dr\u00e1t\u011bnka Versa (PC367-3) Omezen\u00e1 Nab\u00eddka -<\/title>\n<meta name=\"robots\" content=\"index, follow, max-snippet:-1, max-image-preview:large, max-video-preview:-1\" \/>\n<link rel=\"canonical\" href=\"https:\/\/www.domstavpro.com\/index.php\/produkt\/dremel-r-p367-kuchynska-dratenka-versa-pc367-3-omezena-nabidka-8101\/\" \/>\n<meta property=\"og:locale\" content=\"cs_CZ\" \/>\n<meta property=\"og:type\" content=\"article\" \/>\n<meta property=\"og:title\" content=\"DREMEL\u00ae P367 Kuchy\u0148sk\u00e1 dr\u00e1t\u011bnka Versa (PC367-3) Omezen\u00e1 Nab\u00eddka -\" \/>\n<meta property=\"og:description\" content=\"Kuchy\u0148sk\u00e1 dr\u00e1t\u011bnka je ide\u00e1ln\u00ed na odstran\u011bn\u00ed ne\u010distot a\u00a0zbytk\u016f j\u00eddla z\u00a0hrnc\u016f a\u00a0p\u00e1nv\u00ed a\u00a0dal\u0161\u00edch povrch\u016f.Kuchy\u0148sk\u00e1 dr\u00e1t\u011bnka je d\u00edky sv\u00fdm drhnouc\u00edm schopnostem ide\u00e1ln\u00ed na ka\u017edodenn\u00ed \u010di\u0161t\u011bn\u00ed, p\u0159i kter\u00e9m odstran\u00ed zbytky j\u00eddel i\u00a0odoln\u00e9 ne\u010distoty v\u00a0kuchyni.Postavte se k\u00a0v\u00fdzv\u011b \u010delem s\u00a0kuchy\u0148skou dr\u00e1t\u011bnkou a\u00a0odstra\u0148te nape\u010den\u00e9 zbytky j\u00eddla z\u00a0hrnc\u016f a\u00a0p\u00e1nv\u00ed \u010di vydrhn\u011bte ne\u010distoty kolem ho\u0159\u00e1k\u016f a\u00a0m\u0159\u00ed\u017eek na spor\u00e1ku \u010di na ro\u0161tech v\u00a0troub\u011b.Lze pou\u017e\u00edvat [&hellip;]\" \/>\n<meta property=\"og:url\" content=\"https:\/\/www.domstavpro.com\/index.php\/produkt\/dremel-r-p367-kuchynska-dratenka-versa-pc367-3-omezena-nabidka-8101\/\" \/>\n<meta property=\"og:image\" content=\"https:\/\/www.domstavpro.com\/wp-content\/uploads\/2026\/SK0029923-CZ20260425-092328-0-1777080210-1254576-1_143310.webp\" \/>\n\t<meta property=\"og:image:width\" content=\"960\" \/>\n\t<meta property=\"og:image:height\" content=\"540\" \/>\n\t<meta property=\"og:image:type\" content=\"image\/webp\" \/>\n<meta name=\"twitter:card\" content=\"summary_large_image\" \/>\n<meta name=\"twitter:label1\" content=\"Odhadovan\u00e1 doba \u010dten\u00ed\" \/>\n\t<meta name=\"twitter:data1\" content=\"1 minuta\" \/>\n<script type=\"application\/ld+json\" class=\"yoast-schema-graph\">{\"@context\":\"https:\/\/schema.org\",\"@graph\":[{\"@type\":\"WebPage\",\"@id\":\"https:\/\/www.domstavpro.com\/index.php\/produkt\/dremel-r-p367-kuchynska-dratenka-versa-pc367-3-omezena-nabidka-8101\/\",\"url\":\"https:\/\/www.domstavpro.com\/index.php\/produkt\/dremel-r-p367-kuchynska-dratenka-versa-pc367-3-omezena-nabidka-8101\/\",\"name\":\"DREMEL\u00ae P367 Kuchy\u0148sk\u00e1 dr\u00e1t\u011bnka Versa (PC367-3) Omezen\u00e1 Nab\u00eddka -\",\"isPartOf\":{\"@id\":\"https:\/\/www.domstavpro.com\/#website\"},\"primaryImageOfPage\":{\"@id\":\"https:\/\/www.domstavpro.com\/index.php\/produkt\/dremel-r-p367-kuchynska-dratenka-versa-pc367-3-omezena-nabidka-8101\/#primaryimage\"},\"image\":{\"@id\":\"https:\/\/www.domstavpro.com\/index.php\/produkt\/dremel-r-p367-kuchynska-dratenka-versa-pc367-3-omezena-nabidka-8101\/#primaryimage\"},\"thumbnailUrl\":\"https:\/\/www.domstavpro.com\/wp-content\/uploads\/2026\/SK0029923-CZ20260425-092328-0-1777080210-1254576-1_143310.webp\",\"datePublished\":\"2026-04-27T15:08:12+00:00\",\"breadcrumb\":{\"@id\":\"https:\/\/www.domstavpro.com\/index.php\/produkt\/dremel-r-p367-kuchynska-dratenka-versa-pc367-3-omezena-nabidka-8101\/#breadcrumb\"},\"inLanguage\":\"cs\",\"potentialAction\":[{\"@type\":\"ReadAction\",\"target\":[\"https:\/\/www.domstavpro.com\/index.php\/produkt\/dremel-r-p367-kuchynska-dratenka-versa-pc367-3-omezena-nabidka-8101\/\"]}]},{\"@type\":\"ImageObject\",\"inLanguage\":\"cs\",\"@id\":\"https:\/\/www.domstavpro.com\/index.php\/produkt\/dremel-r-p367-kuchynska-dratenka-versa-pc367-3-omezena-nabidka-8101\/#primaryimage\",\"url\":\"https:\/\/www.domstavpro.com\/wp-content\/uploads\/2026\/SK0029923-CZ20260425-092328-0-1777080210-1254576-1_143310.webp\",\"contentUrl\":\"https:\/\/www.domstavpro.com\/wp-content\/uploads\/2026\/SK0029923-CZ20260425-092328-0-1777080210-1254576-1_143310.webp\",\"width\":960,\"height\":540},{\"@type\":\"BreadcrumbList\",\"@id\":\"https:\/\/www.domstavpro.com\/index.php\/produkt\/dremel-r-p367-kuchynska-dratenka-versa-pc367-3-omezena-nabidka-8101\/#breadcrumb\",\"itemListElement\":[{\"@type\":\"ListItem\",\"position\":1,\"name\":\"Home\",\"item\":\"https:\/\/www.domstavpro.com\/\"},{\"@type\":\"ListItem\",\"position\":2,\"name\":\"Products\",\"item\":\"https:\/\/www.domstavpro.com\/index.php\/products\/\"},{\"@type\":\"ListItem\",\"position\":3,\"name\":\"DREMEL\u00ae P367 Kuchy\u0148sk\u00e1 dr\u00e1t\u011bnka Versa (PC367-3) Omezen\u00e1 Nab\u00eddka\"}]},{\"@type\":\"WebSite\",\"@id\":\"https:\/\/www.domstavpro.com\/#website\",\"url\":\"https:\/\/www.domstavpro.com\/\",\"name\":\"\",\"description\":\"\",\"potentialAction\":[{\"@type\":\"SearchAction\",\"target\":{\"@type\":\"EntryPoint\",\"urlTemplate\":\"https:\/\/www.domstavpro.com\/?s={search_term_string}\"},\"query-input\":{\"@type\":\"PropertyValueSpecification\",\"valueRequired\":true,\"valueName\":\"search_term_string\"}}],\"inLanguage\":\"cs\"}]}<\/script>\n<!-- \/ Yoast SEO plugin. -->","yoast_head_json":{"title":"DREMEL\u00ae P367 Kuchy\u0148sk\u00e1 dr\u00e1t\u011bnka Versa (PC367-3) Omezen\u00e1 Nab\u00eddka -","robots":{"index":"index","follow":"follow","max-snippet":"max-snippet:-1","max-image-preview":"max-image-preview:large","max-video-preview":"max-video-preview:-1"},"canonical":"https:\/\/www.domstavpro.com\/index.php\/produkt\/dremel-r-p367-kuchynska-dratenka-versa-pc367-3-omezena-nabidka-8101\/","og_locale":"cs_CZ","og_type":"article","og_title":"DREMEL\u00ae P367 Kuchy\u0148sk\u00e1 dr\u00e1t\u011bnka Versa (PC367-3) Omezen\u00e1 Nab\u00eddka -","og_description":"Kuchy\u0148sk\u00e1 dr\u00e1t\u011bnka je ide\u00e1ln\u00ed na odstran\u011bn\u00ed ne\u010distot a\u00a0zbytk\u016f j\u00eddla z\u00a0hrnc\u016f a\u00a0p\u00e1nv\u00ed a\u00a0dal\u0161\u00edch povrch\u016f.Kuchy\u0148sk\u00e1 dr\u00e1t\u011bnka je d\u00edky sv\u00fdm drhnouc\u00edm schopnostem ide\u00e1ln\u00ed na ka\u017edodenn\u00ed \u010di\u0161t\u011bn\u00ed, p\u0159i kter\u00e9m odstran\u00ed zbytky j\u00eddel i\u00a0odoln\u00e9 ne\u010distoty v\u00a0kuchyni.Postavte se k\u00a0v\u00fdzv\u011b \u010delem s\u00a0kuchy\u0148skou dr\u00e1t\u011bnkou a\u00a0odstra\u0148te nape\u010den\u00e9 zbytky j\u00eddla z\u00a0hrnc\u016f a\u00a0p\u00e1nv\u00ed \u010di vydrhn\u011bte ne\u010distoty kolem ho\u0159\u00e1k\u016f a\u00a0m\u0159\u00ed\u017eek na spor\u00e1ku \u010di na ro\u0161tech v\u00a0troub\u011b.Lze pou\u017e\u00edvat [&hellip;]","og_url":"https:\/\/www.domstavpro.com\/index.php\/produkt\/dremel-r-p367-kuchynska-dratenka-versa-pc367-3-omezena-nabidka-8101\/","og_image":[{"width":960,"height":540,"url":"https:\/\/www.domstavpro.com\/wp-content\/uploads\/2026\/SK0029923-CZ20260425-092328-0-1777080210-1254576-1_143310.webp","type":"image\/webp"}],"twitter_card":"summary_large_image","twitter_misc":{"Odhadovan\u00e1 doba \u010dten\u00ed":"1 minuta"},"schema":{"@context":"https:\/\/schema.org","@graph":[{"@type":"WebPage","@id":"https:\/\/www.domstavpro.com\/index.php\/produkt\/dremel-r-p367-kuchynska-dratenka-versa-pc367-3-omezena-nabidka-8101\/","url":"https:\/\/www.domstavpro.com\/index.php\/produkt\/dremel-r-p367-kuchynska-dratenka-versa-pc367-3-omezena-nabidka-8101\/","name":"DREMEL\u00ae P367 Kuchy\u0148sk\u00e1 dr\u00e1t\u011bnka Versa (PC367-3) Omezen\u00e1 Nab\u00eddka -","isPartOf":{"@id":"https:\/\/www.domstavpro.com\/#website"},"primaryImageOfPage":{"@id":"https:\/\/www.domstavpro.com\/index.php\/produkt\/dremel-r-p367-kuchynska-dratenka-versa-pc367-3-omezena-nabidka-8101\/#primaryimage"},"image":{"@id":"https:\/\/www.domstavpro.com\/index.php\/produkt\/dremel-r-p367-kuchynska-dratenka-versa-pc367-3-omezena-nabidka-8101\/#primaryimage"},"thumbnailUrl":"https:\/\/www.domstavpro.com\/wp-content\/uploads\/2026\/SK0029923-CZ20260425-092328-0-1777080210-1254576-1_143310.webp","datePublished":"2026-04-27T15:08:12+00:00","breadcrumb":{"@id":"https:\/\/www.domstavpro.com\/index.php\/produkt\/dremel-r-p367-kuchynska-dratenka-versa-pc367-3-omezena-nabidka-8101\/#breadcrumb"},"inLanguage":"cs","potentialAction":[{"@type":"ReadAction","target":["https:\/\/www.domstavpro.com\/index.php\/produkt\/dremel-r-p367-kuchynska-dratenka-versa-pc367-3-omezena-nabidka-8101\/"]}]},{"@type":"ImageObject","inLanguage":"cs","@id":"https:\/\/www.domstavpro.com\/index.php\/produkt\/dremel-r-p367-kuchynska-dratenka-versa-pc367-3-omezena-nabidka-8101\/#primaryimage","url":"https:\/\/www.domstavpro.com\/wp-content\/uploads\/2026\/SK0029923-CZ20260425-092328-0-1777080210-1254576-1_143310.webp","contentUrl":"https:\/\/www.domstavpro.com\/wp-content\/uploads\/2026\/SK0029923-CZ20260425-092328-0-1777080210-1254576-1_143310.webp","width":960,"height":540},{"@type":"BreadcrumbList","@id":"https:\/\/www.domstavpro.com\/index.php\/produkt\/dremel-r-p367-kuchynska-dratenka-versa-pc367-3-omezena-nabidka-8101\/#breadcrumb","itemListElement":[{"@type":"ListItem","position":1,"name":"Home","item":"https:\/\/www.domstavpro.com\/"},{"@type":"ListItem","position":2,"name":"Products","item":"https:\/\/www.domstavpro.com\/index.php\/products\/"},{"@type":"ListItem","position":3,"name":"DREMEL\u00ae P367 Kuchy\u0148sk\u00e1 dr\u00e1t\u011bnka Versa (PC367-3) Omezen\u00e1 Nab\u00eddka"}]},{"@type":"WebSite","@id":"https:\/\/www.domstavpro.com\/#website","url":"https:\/\/www.domstavpro.com\/","name":"","description":"","potentialAction":[{"@type":"SearchAction","target":{"@type":"EntryPoint","urlTemplate":"https:\/\/www.domstavpro.com\/?s={search_term_string}"},"query-input":{"@type":"PropertyValueSpecification","valueRequired":true,"valueName":"search_term_string"}}],"inLanguage":"cs"}]}},"_links":{"self":[{"href":"https:\/\/www.domstavpro.com\/index.php\/wp-json\/wp\/v2\/product\/8101","targetHints":{"allow":["GET"]}}],"collection":[{"href":"https:\/\/www.domstavpro.com\/index.php\/wp-json\/wp\/v2\/product"}],"about":[{"href":"https:\/\/www.domstavpro.com\/index.php\/wp-json\/wp\/v2\/types\/product"}],"replies":[{"embeddable":true,"href":"https:\/\/www.domstavpro.com\/index.php\/wp-json\/wp\/v2\/comments?post=8101"}],"wp:featuredmedia":[{"embeddable":true,"href":"https:\/\/www.domstavpro.com\/index.php\/wp-json\/wp\/v2\/media\/8201"}],"wp:attachment":[{"href":"https:\/\/www.domstavpro.com\/index.php\/wp-json\/wp\/v2\/media?parent=8101"}],"wp:term":[{"taxonomy":"product_brand","embeddable":true,"href":"https:\/\/www.domstavpro.com\/index.php\/wp-json\/wp\/v2\/product_brand?post=8101"},{"taxonomy":"product_cat","embeddable":true,"href":"https:\/\/www.domstavpro.com\/index.php\/wp-json\/wp\/v2\/product_cat?post=8101"},{"taxonomy":"product_tag","embeddable":true,"href":"https:\/\/www.domstavpro.com\/index.php\/wp-json\/wp\/v2\/product_tag?post=8101"}],"curies":[{"name":"wp","href":"https:\/\/api.w.org\/{rel}","templated":true}]}}