{"id":8099,"date":"2026-04-27T15:08:12","date_gmt":"2026-04-27T15:08:12","guid":{"rendered":""},"modified":"2026-04-27T15:08:12","modified_gmt":"2026-04-27T15:08:12","slug":"akcni-cena-dremel-r-p372-versa-kuchynsky-stetec-8099","status":"publish","type":"product","link":"https:\/\/www.domstavpro.com\/index.php\/produkt\/akcni-cena-dremel-r-p372-versa-kuchynsky-stetec-8099\/","title":{"rendered":"Ak\u010dn\u00ed Cena DREMEL\u00ae P372 Versa Kuchy\u0148sk\u00fd \u0161t\u011btec"},"content":{"rendered":"<table>\n<div class=\"tab-pane active product-description\" id=\"popis\" role=\"tabpanel\">\n<div class=\"short-description\" itemprop=\"description\"><\/div>\n<div class=\"description\"><span class='bullet-line'>Kuchy\u0148sk\u00fd kart\u00e1\u010d se dokonale hod\u00ed na \u010dist\u011bn\u00ed choulostiv\u00fdch povrch\u016f bez po\u0161kr\u00e1b\u00e1n\u00ed.<br \/><\/span><span class='bullet-line'>Kuchy\u0148sk\u00fd kart\u00e1\u010d se dokonale hod\u00ed na jemn\u00e9 myt\u00ed i\u00a0rychl\u00e9 odstran\u011bn\u00ed zbytk\u016f j\u00eddla bez po\u0161kr\u00e1b\u00e1n\u00ed povrchu.<br \/><\/span><span class='bullet-line'>Poko\u0159te ka\u017edodenn\u00ed \u010di\u0161t\u011bn\u00ed hrnk\u016f, sklenic a\u00a0lahv\u00ed i\u00a0drhnut\u00ed hrnc\u016f, p\u00e1nv\u00ed a\u00a0tal\u00ed\u0159\u016f. \u010cist\u011bte v\u00edce s\u00a0men\u0161\u00ed n\u00e1mahou.<br \/><\/span><span class='bullet-line'>Dlouh\u00e9 nylonov\u00e9 \u0161t\u011btiny usnad\u0148uj\u00ed d\u016fkladn\u00e9 \u010di\u0161t\u011bn\u00ed vnit\u0159k\u016f lahv\u00ed nebo hlubok\u00fdch hrnc\u016f, zejm\u00e9na pak v\u00a0kombinaci s\u00a0prodlu\u017eovac\u00edm d\u00edlem (10\u00a0cm) snadno vy\u010dist\u00edte ka\u017ed\u00e9 obt\u00ed\u017en\u011b p\u0159\u00edstupn\u00e9 m\u00edsto.<br \/><\/span><span class='bullet-line'>Chcete-li hrav\u011b zvl\u00e1dnout \u00faklid, jednodu\u0161e na\u0161roubujte prodlu\u017eovac\u00ed d\u00edl na n\u00e1\u0159ad\u00ed Dremel Versa a\u00a0nasa\u010fte p\u0159\u00edslu\u0161n\u00fd kuchy\u0148sk\u00fd kart\u00e1\u010d. A\u00a0m\u016f\u017eete se pustit do pr\u00e1ce!<br \/><\/span><span class='bullet-line'>Kuchy\u0148sk\u00fd kart\u00e1\u010d lze om\u00fdvat, a\u00a0dokonale se tak hod\u00ed pro opakovan\u00e9 pou\u017eit\u00ed.<\/span><\/div>\n<div class=\"parameters\">\n<tr>\n<td>Pracovn\u00ed pr\u016fm\u011br<\/td>\n<td>62,0 mm<\/td>\n<\/tr>\n<tr>\n<td>Pracovn\u00ed v\u00fd\u0161ka<\/td>\n<td>100,0 mm<\/td>\n<\/tr>\n<tr>\n<td>Max. hloubka z\u00e1b\u011bru<\/td>\n<td>190,0 mm<\/td>\n<\/tr>\n<tr>\n<td>Maxim\u00e1ln\u00ed ot\/min<\/td>\n<td>2.200 ot\/min<\/td>\n<\/tr>\n<tr>\n<td>V\u00fd\u0161ka<\/td>\n<td>100,0 mm<\/td>\n<\/tr>\n<tr>\n<td>Obsah balen\u00ed<\/td>\n<td>1 kus<\/td>\n<\/tr><\/div>\n<\/table>\n","protected":false},"excerpt":{"rendered":"<p>Kuchy\u0148sk\u00fd kart\u00e1\u010d se dokonale hod\u00ed na \u010dist\u011bn\u00ed choulostiv\u00fdch povrch\u016f bez po\u0161kr\u00e1b\u00e1n\u00ed.Kuchy\u0148sk\u00fd kart\u00e1\u010d se dokonale hod\u00ed na jemn\u00e9 myt\u00ed i\u00a0rychl\u00e9 odstran\u011bn\u00ed zbytk\u016f j\u00eddla bez po\u0161kr\u00e1b\u00e1n\u00ed povrchu.Poko\u0159te ka\u017edodenn\u00ed \u010di\u0161t\u011bn\u00ed hrnk\u016f, sklenic a\u00a0lahv\u00ed i\u00a0drhnut\u00ed hrnc\u016f, p\u00e1nv\u00ed a\u00a0tal\u00ed\u0159\u016f. \u010cist\u011bte v\u00edce s\u00a0men\u0161\u00ed n\u00e1mahou.Dlouh\u00e9 nylonov\u00e9 \u0161t\u011btiny usnad\u0148uj\u00ed d\u016fkladn\u00e9 \u010di\u0161t\u011bn\u00ed vnit\u0159k\u016f lahv\u00ed nebo hlubok\u00fdch hrnc\u016f, zejm\u00e9na pak v\u00a0kombinaci s\u00a0prodlu\u017eovac\u00edm d\u00edlem (10\u00a0cm) snadno [&hellip;]<\/p>\n","protected":false},"featured_media":8199,"comment_status":"open","ping_status":"open","template":"","meta":[],"product_brand":[],"product_cat":[46,48,47],"product_tag":[],"class_list":{"0":"post-8099","1":"product","2":"type-product","3":"status-publish","4":"has-post-thumbnail","6":"product_cat-barvy","7":"product_cat-chemie","8":"product_cat-laky","10":"first","11":"instock","12":"sale","13":"shipping-taxable","14":"purchasable","15":"product-type-simple"},"yoast_head":"<!-- This site is optimized with the Yoast SEO plugin v26.8 - https:\/\/yoast.com\/product\/yoast-seo-wordpress\/ -->\n<title>Ak\u010dn\u00ed Cena DREMEL\u00ae P372 Versa Kuchy\u0148sk\u00fd \u0161t\u011btec -<\/title>\n<meta name=\"robots\" content=\"index, follow, max-snippet:-1, max-image-preview:large, max-video-preview:-1\" \/>\n<link rel=\"canonical\" href=\"https:\/\/www.domstavpro.com\/index.php\/produkt\/akcni-cena-dremel-r-p372-versa-kuchynsky-stetec-8099\/\" \/>\n<meta property=\"og:locale\" content=\"cs_CZ\" \/>\n<meta property=\"og:type\" content=\"article\" \/>\n<meta property=\"og:title\" content=\"Ak\u010dn\u00ed Cena DREMEL\u00ae P372 Versa Kuchy\u0148sk\u00fd \u0161t\u011btec -\" \/>\n<meta property=\"og:description\" content=\"Kuchy\u0148sk\u00fd kart\u00e1\u010d se dokonale hod\u00ed na \u010dist\u011bn\u00ed choulostiv\u00fdch povrch\u016f bez po\u0161kr\u00e1b\u00e1n\u00ed.Kuchy\u0148sk\u00fd kart\u00e1\u010d se dokonale hod\u00ed na jemn\u00e9 myt\u00ed i\u00a0rychl\u00e9 odstran\u011bn\u00ed zbytk\u016f j\u00eddla bez po\u0161kr\u00e1b\u00e1n\u00ed povrchu.Poko\u0159te ka\u017edodenn\u00ed \u010di\u0161t\u011bn\u00ed hrnk\u016f, sklenic a\u00a0lahv\u00ed i\u00a0drhnut\u00ed hrnc\u016f, p\u00e1nv\u00ed a\u00a0tal\u00ed\u0159\u016f. \u010cist\u011bte v\u00edce s\u00a0men\u0161\u00ed n\u00e1mahou.Dlouh\u00e9 nylonov\u00e9 \u0161t\u011btiny usnad\u0148uj\u00ed d\u016fkladn\u00e9 \u010di\u0161t\u011bn\u00ed vnit\u0159k\u016f lahv\u00ed nebo hlubok\u00fdch hrnc\u016f, zejm\u00e9na pak v\u00a0kombinaci s\u00a0prodlu\u017eovac\u00edm d\u00edlem (10\u00a0cm) snadno [&hellip;]\" \/>\n<meta property=\"og:url\" content=\"https:\/\/www.domstavpro.com\/index.php\/produkt\/akcni-cena-dremel-r-p372-versa-kuchynsky-stetec-8099\/\" \/>\n<meta property=\"og:image\" content=\"https:\/\/www.domstavpro.com\/wp-content\/uploads\/2026\/SK0029921-CZ20260425-092328-0-1777080210-1254574-1_143210.webp\" \/>\n\t<meta property=\"og:image:width\" content=\"960\" \/>\n\t<meta property=\"og:image:height\" content=\"540\" \/>\n\t<meta property=\"og:image:type\" content=\"image\/webp\" \/>\n<meta name=\"twitter:card\" content=\"summary_large_image\" \/>\n<meta name=\"twitter:label1\" content=\"Odhadovan\u00e1 doba \u010dten\u00ed\" \/>\n\t<meta name=\"twitter:data1\" content=\"1 minuta\" \/>\n<script type=\"application\/ld+json\" class=\"yoast-schema-graph\">{\"@context\":\"https:\/\/schema.org\",\"@graph\":[{\"@type\":\"WebPage\",\"@id\":\"https:\/\/www.domstavpro.com\/index.php\/produkt\/akcni-cena-dremel-r-p372-versa-kuchynsky-stetec-8099\/\",\"url\":\"https:\/\/www.domstavpro.com\/index.php\/produkt\/akcni-cena-dremel-r-p372-versa-kuchynsky-stetec-8099\/\",\"name\":\"Ak\u010dn\u00ed Cena DREMEL\u00ae P372 Versa Kuchy\u0148sk\u00fd \u0161t\u011btec -\",\"isPartOf\":{\"@id\":\"https:\/\/www.domstavpro.com\/#website\"},\"primaryImageOfPage\":{\"@id\":\"https:\/\/www.domstavpro.com\/index.php\/produkt\/akcni-cena-dremel-r-p372-versa-kuchynsky-stetec-8099\/#primaryimage\"},\"image\":{\"@id\":\"https:\/\/www.domstavpro.com\/index.php\/produkt\/akcni-cena-dremel-r-p372-versa-kuchynsky-stetec-8099\/#primaryimage\"},\"thumbnailUrl\":\"https:\/\/www.domstavpro.com\/wp-content\/uploads\/2026\/SK0029921-CZ20260425-092328-0-1777080210-1254574-1_143210.webp\",\"datePublished\":\"2026-04-27T15:08:12+00:00\",\"breadcrumb\":{\"@id\":\"https:\/\/www.domstavpro.com\/index.php\/produkt\/akcni-cena-dremel-r-p372-versa-kuchynsky-stetec-8099\/#breadcrumb\"},\"inLanguage\":\"cs\",\"potentialAction\":[{\"@type\":\"ReadAction\",\"target\":[\"https:\/\/www.domstavpro.com\/index.php\/produkt\/akcni-cena-dremel-r-p372-versa-kuchynsky-stetec-8099\/\"]}]},{\"@type\":\"ImageObject\",\"inLanguage\":\"cs\",\"@id\":\"https:\/\/www.domstavpro.com\/index.php\/produkt\/akcni-cena-dremel-r-p372-versa-kuchynsky-stetec-8099\/#primaryimage\",\"url\":\"https:\/\/www.domstavpro.com\/wp-content\/uploads\/2026\/SK0029921-CZ20260425-092328-0-1777080210-1254574-1_143210.webp\",\"contentUrl\":\"https:\/\/www.domstavpro.com\/wp-content\/uploads\/2026\/SK0029921-CZ20260425-092328-0-1777080210-1254574-1_143210.webp\",\"width\":960,\"height\":540},{\"@type\":\"BreadcrumbList\",\"@id\":\"https:\/\/www.domstavpro.com\/index.php\/produkt\/akcni-cena-dremel-r-p372-versa-kuchynsky-stetec-8099\/#breadcrumb\",\"itemListElement\":[{\"@type\":\"ListItem\",\"position\":1,\"name\":\"Home\",\"item\":\"https:\/\/www.domstavpro.com\/\"},{\"@type\":\"ListItem\",\"position\":2,\"name\":\"Products\",\"item\":\"https:\/\/www.domstavpro.com\/index.php\/products\/\"},{\"@type\":\"ListItem\",\"position\":3,\"name\":\"Ak\u010dn\u00ed Cena DREMEL\u00ae P372 Versa Kuchy\u0148sk\u00fd \u0161t\u011btec\"}]},{\"@type\":\"WebSite\",\"@id\":\"https:\/\/www.domstavpro.com\/#website\",\"url\":\"https:\/\/www.domstavpro.com\/\",\"name\":\"\",\"description\":\"\",\"potentialAction\":[{\"@type\":\"SearchAction\",\"target\":{\"@type\":\"EntryPoint\",\"urlTemplate\":\"https:\/\/www.domstavpro.com\/?s={search_term_string}\"},\"query-input\":{\"@type\":\"PropertyValueSpecification\",\"valueRequired\":true,\"valueName\":\"search_term_string\"}}],\"inLanguage\":\"cs\"}]}<\/script>\n<!-- \/ Yoast SEO plugin. -->","yoast_head_json":{"title":"Ak\u010dn\u00ed Cena DREMEL\u00ae P372 Versa Kuchy\u0148sk\u00fd \u0161t\u011btec -","robots":{"index":"index","follow":"follow","max-snippet":"max-snippet:-1","max-image-preview":"max-image-preview:large","max-video-preview":"max-video-preview:-1"},"canonical":"https:\/\/www.domstavpro.com\/index.php\/produkt\/akcni-cena-dremel-r-p372-versa-kuchynsky-stetec-8099\/","og_locale":"cs_CZ","og_type":"article","og_title":"Ak\u010dn\u00ed Cena DREMEL\u00ae P372 Versa Kuchy\u0148sk\u00fd \u0161t\u011btec -","og_description":"Kuchy\u0148sk\u00fd kart\u00e1\u010d se dokonale hod\u00ed na \u010dist\u011bn\u00ed choulostiv\u00fdch povrch\u016f bez po\u0161kr\u00e1b\u00e1n\u00ed.Kuchy\u0148sk\u00fd kart\u00e1\u010d se dokonale hod\u00ed na jemn\u00e9 myt\u00ed i\u00a0rychl\u00e9 odstran\u011bn\u00ed zbytk\u016f j\u00eddla bez po\u0161kr\u00e1b\u00e1n\u00ed povrchu.Poko\u0159te ka\u017edodenn\u00ed \u010di\u0161t\u011bn\u00ed hrnk\u016f, sklenic a\u00a0lahv\u00ed i\u00a0drhnut\u00ed hrnc\u016f, p\u00e1nv\u00ed a\u00a0tal\u00ed\u0159\u016f. \u010cist\u011bte v\u00edce s\u00a0men\u0161\u00ed n\u00e1mahou.Dlouh\u00e9 nylonov\u00e9 \u0161t\u011btiny usnad\u0148uj\u00ed d\u016fkladn\u00e9 \u010di\u0161t\u011bn\u00ed vnit\u0159k\u016f lahv\u00ed nebo hlubok\u00fdch hrnc\u016f, zejm\u00e9na pak v\u00a0kombinaci s\u00a0prodlu\u017eovac\u00edm d\u00edlem (10\u00a0cm) snadno [&hellip;]","og_url":"https:\/\/www.domstavpro.com\/index.php\/produkt\/akcni-cena-dremel-r-p372-versa-kuchynsky-stetec-8099\/","og_image":[{"width":960,"height":540,"url":"https:\/\/www.domstavpro.com\/wp-content\/uploads\/2026\/SK0029921-CZ20260425-092328-0-1777080210-1254574-1_143210.webp","type":"image\/webp"}],"twitter_card":"summary_large_image","twitter_misc":{"Odhadovan\u00e1 doba \u010dten\u00ed":"1 minuta"},"schema":{"@context":"https:\/\/schema.org","@graph":[{"@type":"WebPage","@id":"https:\/\/www.domstavpro.com\/index.php\/produkt\/akcni-cena-dremel-r-p372-versa-kuchynsky-stetec-8099\/","url":"https:\/\/www.domstavpro.com\/index.php\/produkt\/akcni-cena-dremel-r-p372-versa-kuchynsky-stetec-8099\/","name":"Ak\u010dn\u00ed Cena DREMEL\u00ae P372 Versa Kuchy\u0148sk\u00fd \u0161t\u011btec -","isPartOf":{"@id":"https:\/\/www.domstavpro.com\/#website"},"primaryImageOfPage":{"@id":"https:\/\/www.domstavpro.com\/index.php\/produkt\/akcni-cena-dremel-r-p372-versa-kuchynsky-stetec-8099\/#primaryimage"},"image":{"@id":"https:\/\/www.domstavpro.com\/index.php\/produkt\/akcni-cena-dremel-r-p372-versa-kuchynsky-stetec-8099\/#primaryimage"},"thumbnailUrl":"https:\/\/www.domstavpro.com\/wp-content\/uploads\/2026\/SK0029921-CZ20260425-092328-0-1777080210-1254574-1_143210.webp","datePublished":"2026-04-27T15:08:12+00:00","breadcrumb":{"@id":"https:\/\/www.domstavpro.com\/index.php\/produkt\/akcni-cena-dremel-r-p372-versa-kuchynsky-stetec-8099\/#breadcrumb"},"inLanguage":"cs","potentialAction":[{"@type":"ReadAction","target":["https:\/\/www.domstavpro.com\/index.php\/produkt\/akcni-cena-dremel-r-p372-versa-kuchynsky-stetec-8099\/"]}]},{"@type":"ImageObject","inLanguage":"cs","@id":"https:\/\/www.domstavpro.com\/index.php\/produkt\/akcni-cena-dremel-r-p372-versa-kuchynsky-stetec-8099\/#primaryimage","url":"https:\/\/www.domstavpro.com\/wp-content\/uploads\/2026\/SK0029921-CZ20260425-092328-0-1777080210-1254574-1_143210.webp","contentUrl":"https:\/\/www.domstavpro.com\/wp-content\/uploads\/2026\/SK0029921-CZ20260425-092328-0-1777080210-1254574-1_143210.webp","width":960,"height":540},{"@type":"BreadcrumbList","@id":"https:\/\/www.domstavpro.com\/index.php\/produkt\/akcni-cena-dremel-r-p372-versa-kuchynsky-stetec-8099\/#breadcrumb","itemListElement":[{"@type":"ListItem","position":1,"name":"Home","item":"https:\/\/www.domstavpro.com\/"},{"@type":"ListItem","position":2,"name":"Products","item":"https:\/\/www.domstavpro.com\/index.php\/products\/"},{"@type":"ListItem","position":3,"name":"Ak\u010dn\u00ed Cena DREMEL\u00ae P372 Versa Kuchy\u0148sk\u00fd \u0161t\u011btec"}]},{"@type":"WebSite","@id":"https:\/\/www.domstavpro.com\/#website","url":"https:\/\/www.domstavpro.com\/","name":"","description":"","potentialAction":[{"@type":"SearchAction","target":{"@type":"EntryPoint","urlTemplate":"https:\/\/www.domstavpro.com\/?s={search_term_string}"},"query-input":{"@type":"PropertyValueSpecification","valueRequired":true,"valueName":"search_term_string"}}],"inLanguage":"cs"}]}},"_links":{"self":[{"href":"https:\/\/www.domstavpro.com\/index.php\/wp-json\/wp\/v2\/product\/8099","targetHints":{"allow":["GET"]}}],"collection":[{"href":"https:\/\/www.domstavpro.com\/index.php\/wp-json\/wp\/v2\/product"}],"about":[{"href":"https:\/\/www.domstavpro.com\/index.php\/wp-json\/wp\/v2\/types\/product"}],"replies":[{"embeddable":true,"href":"https:\/\/www.domstavpro.com\/index.php\/wp-json\/wp\/v2\/comments?post=8099"}],"wp:featuredmedia":[{"embeddable":true,"href":"https:\/\/www.domstavpro.com\/index.php\/wp-json\/wp\/v2\/media\/8199"}],"wp:attachment":[{"href":"https:\/\/www.domstavpro.com\/index.php\/wp-json\/wp\/v2\/media?parent=8099"}],"wp:term":[{"taxonomy":"product_brand","embeddable":true,"href":"https:\/\/www.domstavpro.com\/index.php\/wp-json\/wp\/v2\/product_brand?post=8099"},{"taxonomy":"product_cat","embeddable":true,"href":"https:\/\/www.domstavpro.com\/index.php\/wp-json\/wp\/v2\/product_cat?post=8099"},{"taxonomy":"product_tag","embeddable":true,"href":"https:\/\/www.domstavpro.com\/index.php\/wp-json\/wp\/v2\/product_tag?post=8099"}],"curies":[{"name":"wp","href":"https:\/\/api.w.org\/{rel}","templated":true}]}}