{"id":30900,"date":"2026-04-27T15:09:06","date_gmt":"2026-04-27T15:09:06","guid":{"rendered":""},"modified":"2026-04-27T15:09:06","modified_gmt":"2026-04-27T15:09:06","slug":"znackovy-kerasan-waldorf-bidet-zavesny-37x55cm-bila-30900","status":"publish","type":"product","link":"https:\/\/www.domstavpro.com\/index.php\/produkt\/znackovy-kerasan-waldorf-bidet-zavesny-37x55cm-bila-30900\/","title":{"rendered":"Zna\u010dkov\u00fd KERASAN WALDORF bidet z\u00e1v\u011bsn\u00fd 37x55cm, b\u00edl\u00e1"},"content":{"rendered":"<div id=\"e8334425\" class=\"pages\">\n<div>\n<div id=\"PDDescription\" class=\"UserContentView userContent v1a v1 bs-view dcon dc164 PDDescription\" ><dc-con><dc-con><bs-empty><\/bs-empty><\/dc-con><dc-con>        <\/p>\n<div class=\"customDescription\">                    <\/div>\n<p><\/dc-con><dc-con><\/p>\n<p style=\"text-align: justify;\">Luxus po\u010d\u00e1tku dvac\u00e1t\u00e9ho stolet\u00ed, novogotick\u00e1 architektura v&nbsp;Americe, vzne\u0161en\u00e9 a elegantn\u00ed linie: to je pouze p\u00e1r z&nbsp;mnoha asociac\u00ed, kter\u00e9 n\u00e1zev WALDORF vyvol\u00e1v\u00e1. Kerasan znovu zpracoval tyto inspirace a vytvo\u0159il luxusn\u00ed kolekci sanit\u00e1rn\u00ed keramiky vysok\u00e9 kvality, kterou je ide\u00e1ln\u00ed kombinovat v&nbsp;modern\u00edm i&nbsp;klasick\u00e9m stylu. Charakteristick\u00fdmi prvky jsou obd\u00e9ln\u00edkov\u00fd tvar, kter\u00fd je zm\u011bk\u010den zaoblen\u00fdmi rohy a nav\u00edc hrany s&nbsp;dvojitou tlou\u0161\u0165kou, kter\u00e9 p\u0159ipom\u00ednaj\u00ed klasick\u00fd a monument\u00e1ln\u00ed styl. S\u00e9rie WALDORF zahrnuje prvky pro kompletn\u00ed koupelnu. Stylovou zaj\u00edmavost\u00ed je u umyvadel vodorovn\u011b um\u00edst\u011bn\u00fd p\u0159epadov\u00fd otvor s ozdobn\u00fdm zakon\u010den\u00edm.<\/p>\n<h2 class=\"props-title\">Vlastnosti<\/h2>\n<table>\n<tr>\n<th>Zna\u010dka<\/th>\n<td>KERASAN<\/td>\n<\/tr>\n<tr>\n<th>S\u00e9rie<\/th>\n<td>WALDORF<\/td>\n<\/tr>\n<tr>\n<th>Rozm\u011br<\/th>\n<td>37&#215;33,5&#215;55 cm<\/td>\n<\/tr>\n<tr>\n<th>\u0160\u00ed\u0159ka<\/th>\n<td>370&nbsp;mm<\/td>\n<\/tr>\n<tr>\n<th>V\u00fd\u0161ka<\/th>\n<td>335&nbsp;mm<\/td>\n<\/tr>\n<tr>\n<th>Hloubka<\/th>\n<td>550&nbsp;mm<\/td>\n<\/tr>\n<tr>\n<th>Barva<\/th>\n<td>B\u00edl\u00e1<\/td>\n<\/tr>\n<tr>\n<th>Materi\u00e1l<\/th>\n<td>Keramika<\/td>\n<\/tr>\n<tr>\n<th>Tvar<\/th>\n<td>Retro<\/td>\n<\/tr>\n<tr>\n<th>Hmotnost \/ ks<\/th>\n<td>19.0500&nbsp;kg<\/td>\n<\/tr>\n<tr>\n<th>Balen\u00ed<\/th>\n<td>1&nbsp;ks<\/td>\n<\/tr>\n<tr>\n<th>EAN<\/th>\n<td>8034125977697<\/td>\n<\/tr>\n<tr>\n<th>Taric<\/th>\n<td>69109000<\/td>\n<\/tr>\n<tr>\n<th>Z\u00e1ruka<\/th>\n<td>2 roky<\/td>\n<\/tr>\n<\/table>\n<h2 class=\"props-title\">Videa<\/h2>\n<p><a target=\"_blank\"  href=\"https:\/\/ubc.k2.cz\/K2FTPdata\/UBC\/video\/produkt_ostatne\/sanitarni-keramika-kerasan-waldorf.mp4\">https:\/\/ubc.k2.cz\/K2FTPdata\/UBC\/video\/produkt_ostatne\/sanitarni-keramika-kerasan-waldorf.mp4<\/a><br \/><\/dc-con><\/dc-con><\/div>\n<\/p><\/div>\n<div id=\"PDTable3\" class=\"ProductDetailTableView v3a v3 bs-view dcon dc185 PDTable3\" >\n<table>\n<thead><\/thead>\n<tbody>\n<tr class=\"attribute attr_bsshop_maker\">\n<td class=\"caption\">V\u00fdrobce<\/td>\n<td class=\"value\">Kerasan<\/td>\n<\/tr>\n<tr class=\"attribute attr_sirka\">\n<td class=\"caption\">\u0160\u00ed\u0159ka v mm<\/td>\n<td class=\"value\">390<\/td>\n<\/tr>\n<tr class=\"attribute attr_Vyska\">\n<td class=\"caption\">V\u00fd\u0161ka v mm<\/td>\n<td class=\"value\">355<\/td>\n<\/tr>\n<tr class=\"weight\">\n<td class=\"caption\"><span>Hmotnost<\/span><\/td>\n<td class=\"value\"><span>19,05 kg<\/span><\/td>\n<\/tr>\n<\/tbody>\n<\/table>\n<\/div>\n<\/div>\n<div id=\"e8334426\" class=\"tabs\">\n","protected":false},"excerpt":{"rendered":"<p>Luxus po\u010d\u00e1tku dvac\u00e1t\u00e9ho stolet\u00ed, novogotick\u00e1 architektura v&nbsp;Americe, vzne\u0161en\u00e9 a elegantn\u00ed linie: to je pouze p\u00e1r z&nbsp;mnoha asociac\u00ed, kter\u00e9 n\u00e1zev WALDORF vyvol\u00e1v\u00e1. Kerasan znovu zpracoval tyto inspirace a vytvo\u0159il luxusn\u00ed kolekci sanit\u00e1rn\u00ed keramiky vysok\u00e9 kvality, kterou je ide\u00e1ln\u00ed kombinovat v&nbsp;modern\u00edm i&nbsp;klasick\u00e9m stylu. Charakteristick\u00fdmi prvky jsou obd\u00e9ln\u00edkov\u00fd tvar, kter\u00fd je zm\u011bk\u010den zaoblen\u00fdmi rohy a nav\u00edc hrany s&nbsp;dvojitou [&hellip;]<\/p>\n","protected":false},"featured_media":31000,"comment_status":"open","ping_status":"open","template":"","meta":[],"product_brand":[],"product_cat":[61],"product_tag":[],"class_list":{"0":"post-30900","1":"product","2":"type-product","3":"status-publish","4":"has-post-thumbnail","6":"product_cat-vybaven-237-koupelny","8":"first","9":"instock","10":"sale","11":"shipping-taxable","12":"purchasable","13":"product-type-simple"},"yoast_head":"<!-- This site is optimized with the Yoast SEO plugin v26.8 - https:\/\/yoast.com\/product\/yoast-seo-wordpress\/ -->\n<title>Zna\u010dkov\u00fd KERASAN WALDORF bidet z\u00e1v\u011bsn\u00fd 37x55cm, b\u00edl\u00e1 -<\/title>\n<meta name=\"robots\" content=\"index, follow, max-snippet:-1, max-image-preview:large, max-video-preview:-1\" \/>\n<link rel=\"canonical\" href=\"https:\/\/www.domstavpro.com\/index.php\/produkt\/znackovy-kerasan-waldorf-bidet-zavesny-37x55cm-bila-30900\/\" \/>\n<meta property=\"og:locale\" content=\"cs_CZ\" \/>\n<meta property=\"og:type\" content=\"article\" \/>\n<meta property=\"og:title\" content=\"Zna\u010dkov\u00fd KERASAN WALDORF bidet z\u00e1v\u011bsn\u00fd 37x55cm, b\u00edl\u00e1 -\" \/>\n<meta property=\"og:description\" content=\"Luxus po\u010d\u00e1tku dvac\u00e1t\u00e9ho stolet\u00ed, novogotick\u00e1 architektura v&nbsp;Americe, vzne\u0161en\u00e9 a elegantn\u00ed linie: to je pouze p\u00e1r z&nbsp;mnoha asociac\u00ed, kter\u00e9 n\u00e1zev WALDORF vyvol\u00e1v\u00e1. Kerasan znovu zpracoval tyto inspirace a vytvo\u0159il luxusn\u00ed kolekci sanit\u00e1rn\u00ed keramiky vysok\u00e9 kvality, kterou je ide\u00e1ln\u00ed kombinovat v&nbsp;modern\u00edm i&nbsp;klasick\u00e9m stylu. Charakteristick\u00fdmi prvky jsou obd\u00e9ln\u00edkov\u00fd tvar, kter\u00fd je zm\u011bk\u010den zaoblen\u00fdmi rohy a nav\u00edc hrany s&nbsp;dvojitou [&hellip;]\" \/>\n<meta property=\"og:url\" content=\"https:\/\/www.domstavpro.com\/index.php\/produkt\/znackovy-kerasan-waldorf-bidet-zavesny-37x55cm-bila-30900\/\" \/>\n<meta property=\"og:image\" content=\"https:\/\/www.domstavpro.com\/wp-content\/uploads\/2026\/SK0028915-CZ20260425-093449-0-1777080896-kerasan-waldorf-bidet-zavesny-37x55cm-bila.webp\" \/>\n\t<meta property=\"og:image:width\" content=\"1000\" \/>\n\t<meta property=\"og:image:height\" content=\"525\" \/>\n\t<meta property=\"og:image:type\" content=\"image\/webp\" \/>\n<meta name=\"twitter:card\" content=\"summary_large_image\" \/>\n<meta name=\"twitter:label1\" content=\"Odhadovan\u00e1 doba \u010dten\u00ed\" \/>\n\t<meta name=\"twitter:data1\" content=\"1 minuta\" \/>\n<script type=\"application\/ld+json\" class=\"yoast-schema-graph\">{\"@context\":\"https:\/\/schema.org\",\"@graph\":[{\"@type\":\"WebPage\",\"@id\":\"https:\/\/www.domstavpro.com\/index.php\/produkt\/znackovy-kerasan-waldorf-bidet-zavesny-37x55cm-bila-30900\/\",\"url\":\"https:\/\/www.domstavpro.com\/index.php\/produkt\/znackovy-kerasan-waldorf-bidet-zavesny-37x55cm-bila-30900\/\",\"name\":\"Zna\u010dkov\u00fd KERASAN WALDORF bidet z\u00e1v\u011bsn\u00fd 37x55cm, b\u00edl\u00e1 -\",\"isPartOf\":{\"@id\":\"https:\/\/www.domstavpro.com\/#website\"},\"primaryImageOfPage\":{\"@id\":\"https:\/\/www.domstavpro.com\/index.php\/produkt\/znackovy-kerasan-waldorf-bidet-zavesny-37x55cm-bila-30900\/#primaryimage\"},\"image\":{\"@id\":\"https:\/\/www.domstavpro.com\/index.php\/produkt\/znackovy-kerasan-waldorf-bidet-zavesny-37x55cm-bila-30900\/#primaryimage\"},\"thumbnailUrl\":\"https:\/\/www.domstavpro.com\/wp-content\/uploads\/2026\/SK0028915-CZ20260425-093449-0-1777080896-kerasan-waldorf-bidet-zavesny-37x55cm-bila.webp\",\"datePublished\":\"2026-04-27T15:09:06+00:00\",\"breadcrumb\":{\"@id\":\"https:\/\/www.domstavpro.com\/index.php\/produkt\/znackovy-kerasan-waldorf-bidet-zavesny-37x55cm-bila-30900\/#breadcrumb\"},\"inLanguage\":\"cs\",\"potentialAction\":[{\"@type\":\"ReadAction\",\"target\":[\"https:\/\/www.domstavpro.com\/index.php\/produkt\/znackovy-kerasan-waldorf-bidet-zavesny-37x55cm-bila-30900\/\"]}]},{\"@type\":\"ImageObject\",\"inLanguage\":\"cs\",\"@id\":\"https:\/\/www.domstavpro.com\/index.php\/produkt\/znackovy-kerasan-waldorf-bidet-zavesny-37x55cm-bila-30900\/#primaryimage\",\"url\":\"https:\/\/www.domstavpro.com\/wp-content\/uploads\/2026\/SK0028915-CZ20260425-093449-0-1777080896-kerasan-waldorf-bidet-zavesny-37x55cm-bila.webp\",\"contentUrl\":\"https:\/\/www.domstavpro.com\/wp-content\/uploads\/2026\/SK0028915-CZ20260425-093449-0-1777080896-kerasan-waldorf-bidet-zavesny-37x55cm-bila.webp\",\"width\":1000,\"height\":525},{\"@type\":\"BreadcrumbList\",\"@id\":\"https:\/\/www.domstavpro.com\/index.php\/produkt\/znackovy-kerasan-waldorf-bidet-zavesny-37x55cm-bila-30900\/#breadcrumb\",\"itemListElement\":[{\"@type\":\"ListItem\",\"position\":1,\"name\":\"Home\",\"item\":\"https:\/\/www.domstavpro.com\/\"},{\"@type\":\"ListItem\",\"position\":2,\"name\":\"Products\",\"item\":\"https:\/\/www.domstavpro.com\/index.php\/products\/\"},{\"@type\":\"ListItem\",\"position\":3,\"name\":\"Zna\u010dkov\u00fd KERASAN WALDORF bidet z\u00e1v\u011bsn\u00fd 37x55cm, b\u00edl\u00e1\"}]},{\"@type\":\"WebSite\",\"@id\":\"https:\/\/www.domstavpro.com\/#website\",\"url\":\"https:\/\/www.domstavpro.com\/\",\"name\":\"\",\"description\":\"\",\"potentialAction\":[{\"@type\":\"SearchAction\",\"target\":{\"@type\":\"EntryPoint\",\"urlTemplate\":\"https:\/\/www.domstavpro.com\/?s={search_term_string}\"},\"query-input\":{\"@type\":\"PropertyValueSpecification\",\"valueRequired\":true,\"valueName\":\"search_term_string\"}}],\"inLanguage\":\"cs\"}]}<\/script>\n<!-- \/ Yoast SEO plugin. -->","yoast_head_json":{"title":"Zna\u010dkov\u00fd KERASAN WALDORF bidet z\u00e1v\u011bsn\u00fd 37x55cm, b\u00edl\u00e1 -","robots":{"index":"index","follow":"follow","max-snippet":"max-snippet:-1","max-image-preview":"max-image-preview:large","max-video-preview":"max-video-preview:-1"},"canonical":"https:\/\/www.domstavpro.com\/index.php\/produkt\/znackovy-kerasan-waldorf-bidet-zavesny-37x55cm-bila-30900\/","og_locale":"cs_CZ","og_type":"article","og_title":"Zna\u010dkov\u00fd KERASAN WALDORF bidet z\u00e1v\u011bsn\u00fd 37x55cm, b\u00edl\u00e1 -","og_description":"Luxus po\u010d\u00e1tku dvac\u00e1t\u00e9ho stolet\u00ed, novogotick\u00e1 architektura v&nbsp;Americe, vzne\u0161en\u00e9 a elegantn\u00ed linie: to je pouze p\u00e1r z&nbsp;mnoha asociac\u00ed, kter\u00e9 n\u00e1zev WALDORF vyvol\u00e1v\u00e1. Kerasan znovu zpracoval tyto inspirace a vytvo\u0159il luxusn\u00ed kolekci sanit\u00e1rn\u00ed keramiky vysok\u00e9 kvality, kterou je ide\u00e1ln\u00ed kombinovat v&nbsp;modern\u00edm i&nbsp;klasick\u00e9m stylu. Charakteristick\u00fdmi prvky jsou obd\u00e9ln\u00edkov\u00fd tvar, kter\u00fd je zm\u011bk\u010den zaoblen\u00fdmi rohy a nav\u00edc hrany s&nbsp;dvojitou [&hellip;]","og_url":"https:\/\/www.domstavpro.com\/index.php\/produkt\/znackovy-kerasan-waldorf-bidet-zavesny-37x55cm-bila-30900\/","og_image":[{"width":1000,"height":525,"url":"https:\/\/www.domstavpro.com\/wp-content\/uploads\/2026\/SK0028915-CZ20260425-093449-0-1777080896-kerasan-waldorf-bidet-zavesny-37x55cm-bila.webp","type":"image\/webp"}],"twitter_card":"summary_large_image","twitter_misc":{"Odhadovan\u00e1 doba \u010dten\u00ed":"1 minuta"},"schema":{"@context":"https:\/\/schema.org","@graph":[{"@type":"WebPage","@id":"https:\/\/www.domstavpro.com\/index.php\/produkt\/znackovy-kerasan-waldorf-bidet-zavesny-37x55cm-bila-30900\/","url":"https:\/\/www.domstavpro.com\/index.php\/produkt\/znackovy-kerasan-waldorf-bidet-zavesny-37x55cm-bila-30900\/","name":"Zna\u010dkov\u00fd KERASAN WALDORF bidet z\u00e1v\u011bsn\u00fd 37x55cm, b\u00edl\u00e1 -","isPartOf":{"@id":"https:\/\/www.domstavpro.com\/#website"},"primaryImageOfPage":{"@id":"https:\/\/www.domstavpro.com\/index.php\/produkt\/znackovy-kerasan-waldorf-bidet-zavesny-37x55cm-bila-30900\/#primaryimage"},"image":{"@id":"https:\/\/www.domstavpro.com\/index.php\/produkt\/znackovy-kerasan-waldorf-bidet-zavesny-37x55cm-bila-30900\/#primaryimage"},"thumbnailUrl":"https:\/\/www.domstavpro.com\/wp-content\/uploads\/2026\/SK0028915-CZ20260425-093449-0-1777080896-kerasan-waldorf-bidet-zavesny-37x55cm-bila.webp","datePublished":"2026-04-27T15:09:06+00:00","breadcrumb":{"@id":"https:\/\/www.domstavpro.com\/index.php\/produkt\/znackovy-kerasan-waldorf-bidet-zavesny-37x55cm-bila-30900\/#breadcrumb"},"inLanguage":"cs","potentialAction":[{"@type":"ReadAction","target":["https:\/\/www.domstavpro.com\/index.php\/produkt\/znackovy-kerasan-waldorf-bidet-zavesny-37x55cm-bila-30900\/"]}]},{"@type":"ImageObject","inLanguage":"cs","@id":"https:\/\/www.domstavpro.com\/index.php\/produkt\/znackovy-kerasan-waldorf-bidet-zavesny-37x55cm-bila-30900\/#primaryimage","url":"https:\/\/www.domstavpro.com\/wp-content\/uploads\/2026\/SK0028915-CZ20260425-093449-0-1777080896-kerasan-waldorf-bidet-zavesny-37x55cm-bila.webp","contentUrl":"https:\/\/www.domstavpro.com\/wp-content\/uploads\/2026\/SK0028915-CZ20260425-093449-0-1777080896-kerasan-waldorf-bidet-zavesny-37x55cm-bila.webp","width":1000,"height":525},{"@type":"BreadcrumbList","@id":"https:\/\/www.domstavpro.com\/index.php\/produkt\/znackovy-kerasan-waldorf-bidet-zavesny-37x55cm-bila-30900\/#breadcrumb","itemListElement":[{"@type":"ListItem","position":1,"name":"Home","item":"https:\/\/www.domstavpro.com\/"},{"@type":"ListItem","position":2,"name":"Products","item":"https:\/\/www.domstavpro.com\/index.php\/products\/"},{"@type":"ListItem","position":3,"name":"Zna\u010dkov\u00fd KERASAN WALDORF bidet z\u00e1v\u011bsn\u00fd 37x55cm, b\u00edl\u00e1"}]},{"@type":"WebSite","@id":"https:\/\/www.domstavpro.com\/#website","url":"https:\/\/www.domstavpro.com\/","name":"","description":"","potentialAction":[{"@type":"SearchAction","target":{"@type":"EntryPoint","urlTemplate":"https:\/\/www.domstavpro.com\/?s={search_term_string}"},"query-input":{"@type":"PropertyValueSpecification","valueRequired":true,"valueName":"search_term_string"}}],"inLanguage":"cs"}]}},"_links":{"self":[{"href":"https:\/\/www.domstavpro.com\/index.php\/wp-json\/wp\/v2\/product\/30900","targetHints":{"allow":["GET"]}}],"collection":[{"href":"https:\/\/www.domstavpro.com\/index.php\/wp-json\/wp\/v2\/product"}],"about":[{"href":"https:\/\/www.domstavpro.com\/index.php\/wp-json\/wp\/v2\/types\/product"}],"replies":[{"embeddable":true,"href":"https:\/\/www.domstavpro.com\/index.php\/wp-json\/wp\/v2\/comments?post=30900"}],"wp:featuredmedia":[{"embeddable":true,"href":"https:\/\/www.domstavpro.com\/index.php\/wp-json\/wp\/v2\/media\/31000"}],"wp:attachment":[{"href":"https:\/\/www.domstavpro.com\/index.php\/wp-json\/wp\/v2\/media?parent=30900"}],"wp:term":[{"taxonomy":"product_brand","embeddable":true,"href":"https:\/\/www.domstavpro.com\/index.php\/wp-json\/wp\/v2\/product_brand?post=30900"},{"taxonomy":"product_cat","embeddable":true,"href":"https:\/\/www.domstavpro.com\/index.php\/wp-json\/wp\/v2\/product_cat?post=30900"},{"taxonomy":"product_tag","embeddable":true,"href":"https:\/\/www.domstavpro.com\/index.php\/wp-json\/wp\/v2\/product_tag?post=30900"}],"curies":[{"name":"wp","href":"https:\/\/api.w.org\/{rel}","templated":true}]}}