{"id":30167,"date":"2026-04-27T15:09:04","date_gmt":"2026-04-27T15:09:04","guid":{"rendered":""},"modified":"2026-04-27T15:09:04","modified_gmt":"2026-04-27T15:09:04","slug":"akce-gsi-kube-x-keramicke-umyvadlo-80x47cm-bila-extraglaze-30167","status":"publish","type":"product","link":"https:\/\/www.domstavpro.com\/index.php\/produkt\/akce-gsi-kube-x-keramicke-umyvadlo-80x47cm-bila-extraglaze-30167\/","title":{"rendered":"Akce GSI KUBE X keramick\u00e9 umyvadlo 80x47cm, b\u00edl\u00e1 ExtraGlaze"},"content":{"rendered":"<div id=\"e8168729\" class=\"pages\">\n<div>\n<div id=\"PDDescription\" class=\"UserContentView userContent v1a v1 bs-view dcon dc164 PDDescription\" ><dc-con><dc-con><bs-empty><\/bs-empty><\/dc-con><dc-con>        <\/p>\n<div class=\"customDescription\">                    <\/div>\n<p><\/dc-con><dc-con><\/p>\n<p style=\"text-align: justify;\">S\u00e9rie KUBE X vych\u00e1z\u00ed ze sou\u010dasn\u00e9ho trendu pravo\u00fahl\u00fdch tvar\u016f s \u00fasporn\u00fdmi liniemi a \u0161t\u00edhl\u00fdmi hranami. Kolekce nab\u00edz\u00ed \u010dtvercov\u00e1 umyvadla od v\u011bt\u0161\u00edch a\u017e po nejmen\u0161\u00ed velikosti s mo\u017enost\u00ed instalace zav\u011b\u0161en\u00edm na st\u011bnu a k polo\u017een\u00ed na desku nebo sk\u0159\u00ed\u0148ku.<br \/>Sou\u010d\u00e1st\u00ed s\u00e9rie umyvadel jsou nav\u00edc dv\u011b kulat\u00e1 umyvadla na desku a dv\u011b obd\u00e9ln\u00edkov\u00e1 vestavn\u00e1 umyvadla, v\u0161echna s velmi \u0161t\u00edhl\u00fdmi hranami.<br \/>Sanit\u00e1rn\u00ed keramika je vybavena technick\u00fdmi inovacemi GSI: antibakteri\u00e1ln\u00ed glazurou Extraglaze&reg;, toalety splachovac\u00edm syst\u00e9mem Save Water a syst\u00e9mem SwirlFlush&reg; nebo GeniusFlush&reg;, WC sed\u00e1tka mechanismem Quick Release a syst\u00e9mem Soft Close. Vybran\u00e9 produkty jsou dostupn\u00e9 tak\u00e9 v b\u00edl\u00e9 matn\u00e9 a \u010dern\u00e9 matn\u00e9.<\/p>\n<h2 class=\"props-title\">Vlastnosti<\/h2>\n<table>\n<tr>\n<th>Zna\u010dka<\/th>\n<td>GSI<\/td>\n<\/tr>\n<tr>\n<th>S\u00e9rie<\/th>\n<td>KUBE X<\/td>\n<\/tr>\n<tr>\n<th>3D model<\/th>\n<td>ANO<\/td>\n<\/tr>\n<tr>\n<th>Rozm\u011br<\/th>\n<td>80x16x47 cm<\/td>\n<\/tr>\n<tr>\n<th>\u0160\u00ed\u0159ka<\/th>\n<td>800&nbsp;mm<\/td>\n<\/tr>\n<tr>\n<th>V\u00fd\u0161ka<\/th>\n<td>160&nbsp;mm<\/td>\n<\/tr>\n<tr>\n<th>Hloubka<\/th>\n<td>470&nbsp;mm<\/td>\n<\/tr>\n<tr>\n<th>Barva<\/th>\n<td>B\u00edl\u00e1<\/td>\n<\/tr>\n<tr>\n<th>Materi\u00e1l<\/th>\n<td>Keramika<\/td>\n<\/tr>\n<tr>\n<th>Instalace<\/th>\n<td>N\u00e1st\u011bnn\u00e1-\u0161rouby, K postaven\u00ed<\/td>\n<\/tr>\n<tr>\n<th>Typ umyvadla<\/th>\n<td>Klasick\u00e9 umyvadlo<\/td>\n<\/tr>\n<tr>\n<th>Otvor pro baterii<\/th>\n<td>1 otvor<\/td>\n<\/tr>\n<tr>\n<th>P\u0159epad<\/th>\n<td>ANO<\/td>\n<\/tr>\n<tr>\n<th>Tvar<\/th>\n<td>Obd\u00e9ln\u00edk<\/td>\n<\/tr>\n<tr>\n<th>Ostatn\u00ed<\/th>\n<td>ExtraGlaze<\/td>\n<\/tr>\n<tr>\n<th>Hmotnost \/ ks<\/th>\n<td>24.1000&nbsp;kg<\/td>\n<\/tr>\n<tr>\n<th>Balen\u00ed<\/th>\n<td>1&nbsp;ks<\/td>\n<\/tr>\n<tr>\n<th>EAN<\/th>\n<td>8032937827070<\/td>\n<\/tr>\n<tr>\n<th>Taric<\/th>\n<td>69109000<\/td>\n<\/tr>\n<tr>\n<th>Z\u00e1ruka<\/th>\n<td>2 roky<\/td>\n<\/tr>\n<\/table>\n<div class=\"product-explanation-item\">\n<h3><strong>Keramick\u00e1 glazura ExtraGlaze&reg; Antibacterial<\/strong><\/h3>\n<div style=\"float: left;\"><img decoding=\"async\" src=\"https:\/\/eshop.sapho.cz\/img\/Vysvetlivky-ikony\/extraglaze_80.png\" caption=\"false\" width=\"30\" style=\"display: block; margin-left: 2px; margin-right: 10px;\" \/><\/div>\n<p style=\"text-align: justify;\">Antibakteri\u00e1ln\u00ed glazura Extraglaze&reg; Antibacterial, je obohacen\u00e1 o ionty st\u0159\u00edbra a titanu. Aplikuje se na produkty ji\u017e b\u011bhem v\u00fdrobn\u00edho procesu p\u0159ed vyp\u00e1len\u00edm, \u010d\u00edm\u017e je zaru\u010den jej\u00ed trval\u00fd \u00fa\u010dinek. Extraglaze&reg; Antibacterial dod\u00e1v\u00e1 keramice dokonale hladk\u00fd povrch, vysok\u00fd lesk, antibakteri\u00e1ln\u00ed \u00fa\u010dinek a ochranu proti v\u00e1penn\u00fdm usazenin\u00e1m. Povrch Extraglaze&reg; Antibacterial je standardn\u011b aplikov\u00e1n na v\u0161echny v\u00fdrobky spole\u010dnosti GSI.<\/p>\n<div style=\"float: left; width: 30%; text-align: center;\"><img decoding=\"async\" src=\"https:\/\/eshop.sapho.cz\/img\/_\/i.000994\/bezna-glazura.png\" caption=\"false\" style=\"display: block; margin-left: auto; margin-right: auto;\" height=\"200\" \/>B\u011b\u017en\u00e1 glazura<\/div>\n<div style=\"float: left; width: 30%; text-align: center;\"><a href=\"https:\/\/eshop.sapho.cz\/img\/nabytek-korpus-barvy\/dub_stribrny.jpg\" class=\"fancybox\" rel=\"noopener\" target=\"_blank\"><\/a><img decoding=\"async\" src=\"https:\/\/eshop.sapho.cz\/img\/_\/i.000994\/extraglaze-glazura.png\" caption=\"false\" height=\"200\" \/><br \/>Extraglaze&reg; Antibacterial<\/div>\n<div style=\"clear: both;\"><\/div>\n<\/div>\n<h2 class=\"props-title\">Videa<\/h2>\n<p><a target=\"_blank\"  href=\"https:\/\/ubc.k2.cz\/K2FTPdata\/UBC\/video\/produkt_ostatne\/gsi-extraglaze.mp4\">https:\/\/ubc.k2.cz\/K2FTPdata\/UBC\/video\/produkt_ostatne\/gsi-extraglaze.mp4<\/a><br \/><a target=\"_blank\"  href=\"https:\/\/ubc.k2.cz\/K2FTPdata\/UBC\/video\/produkt_ostatne\/gsi-zatezovy-test-umyvadlo.mp4\">https:\/\/ubc.k2.cz\/K2FTPdata\/UBC\/video\/produkt_ostatne\/gsi-zatezovy-test-umyvadlo.mp4<\/a><br \/><\/dc-con><\/dc-con><\/div>\n<\/p><\/div>\n<div id=\"PDTable3\" class=\"ProductDetailTableView v3a v3 bs-view dcon dc185 PDTable3\" >\n<table>\n<thead><\/thead>\n<tbody>\n<tr class=\"attribute attr_bsshop_maker\">\n<td class=\"caption\">V\u00fdrobce<\/td>\n<td class=\"value\">GSI<\/td>\n<\/tr>\n<tr class=\"attribute attr_sirka\">\n<td class=\"caption\">\u0160\u00ed\u0159ka v mm<\/td>\n<td class=\"value\">850<\/td>\n<\/tr>\n<tr class=\"attribute attr_Vyska\">\n<td class=\"caption\">V\u00fd\u0161ka v mm<\/td>\n<td class=\"value\">510<\/td>\n<\/tr>\n<tr class=\"weight\">\n<td class=\"caption\"><span>Hmotnost<\/span><\/td>\n<td class=\"value\"><span>24,10 kg<\/span><\/td>\n<\/tr>\n<\/tbody>\n<\/table>\n<\/div>\n<div id=\"ProductMedia\" class=\"ProductMediaView MediaViewBase v1a v1 bs-view dcon dc409 ProductMedia\" ><bs-empty><\/bs-empty><\/p>\n<div class=\"files\">\n<div class=\"title sub\">Soubory<\/div>\n<p><a href=\"\/media\/31643\/36693-3ds-9422111.3ds?&amp;key=ZGpmIyQwNUZfMzE2NDM=\" class=\"3ds\">Dokumenty &#8211; 3D modely_priloha_0<\/a><a href=\"\/media\/37532\/36693-9422111.dwg?&amp;key=ZGpmIyQwNUZfMzc1MzI=\" class=\"dwg\">Dokumenty &#8211; 3D modely_priloha_1<\/a><a href=\"\/media\/37533\/36693-9422111.dxf?&amp;key=ZGpmIyQwNUZfMzc1MzM=\" class=\"dxf\">Dokumenty &#8211; 3D modely_priloha_2<\/a><\/div>\n<p><bs-empty><\/bs-empty><\/div>\n<\/div>\n<div id=\"e8168730\" class=\"tabs\">\n","protected":false},"excerpt":{"rendered":"<p>S\u00e9rie KUBE X vych\u00e1z\u00ed ze sou\u010dasn\u00e9ho trendu pravo\u00fahl\u00fdch tvar\u016f s \u00fasporn\u00fdmi liniemi a \u0161t\u00edhl\u00fdmi hranami. Kolekce nab\u00edz\u00ed \u010dtvercov\u00e1 umyvadla od v\u011bt\u0161\u00edch a\u017e po nejmen\u0161\u00ed velikosti s mo\u017enost\u00ed instalace zav\u011b\u0161en\u00edm na st\u011bnu a k polo\u017een\u00ed na desku nebo sk\u0159\u00ed\u0148ku.Sou\u010d\u00e1st\u00ed s\u00e9rie umyvadel jsou nav\u00edc dv\u011b kulat\u00e1 umyvadla na desku a dv\u011b obd\u00e9ln\u00edkov\u00e1 vestavn\u00e1 umyvadla, v\u0161echna s velmi [&hellip;]<\/p>\n","protected":false},"featured_media":30267,"comment_status":"open","ping_status":"open","template":"","meta":[],"product_brand":[],"product_cat":[61],"product_tag":[],"class_list":{"0":"post-30167","1":"product","2":"type-product","3":"status-publish","4":"has-post-thumbnail","6":"product_cat-vybaven-237-koupelny","8":"first","9":"instock","10":"sale","11":"shipping-taxable","12":"purchasable","13":"product-type-simple"},"yoast_head":"<!-- This site is optimized with the Yoast SEO plugin v26.8 - https:\/\/yoast.com\/product\/yoast-seo-wordpress\/ -->\n<title>Akce GSI KUBE X keramick\u00e9 umyvadlo 80x47cm, b\u00edl\u00e1 ExtraGlaze -<\/title>\n<meta name=\"robots\" content=\"index, follow, max-snippet:-1, max-image-preview:large, max-video-preview:-1\" \/>\n<link rel=\"canonical\" href=\"https:\/\/www.domstavpro.com\/index.php\/produkt\/akce-gsi-kube-x-keramicke-umyvadlo-80x47cm-bila-extraglaze-30167\/\" \/>\n<meta property=\"og:locale\" content=\"cs_CZ\" \/>\n<meta property=\"og:type\" content=\"article\" \/>\n<meta property=\"og:title\" content=\"Akce GSI KUBE X keramick\u00e9 umyvadlo 80x47cm, b\u00edl\u00e1 ExtraGlaze -\" \/>\n<meta property=\"og:description\" content=\"S\u00e9rie KUBE X vych\u00e1z\u00ed ze sou\u010dasn\u00e9ho trendu pravo\u00fahl\u00fdch tvar\u016f s \u00fasporn\u00fdmi liniemi a \u0161t\u00edhl\u00fdmi hranami. Kolekce nab\u00edz\u00ed \u010dtvercov\u00e1 umyvadla od v\u011bt\u0161\u00edch a\u017e po nejmen\u0161\u00ed velikosti s mo\u017enost\u00ed instalace zav\u011b\u0161en\u00edm na st\u011bnu a k polo\u017een\u00ed na desku nebo sk\u0159\u00ed\u0148ku.Sou\u010d\u00e1st\u00ed s\u00e9rie umyvadel jsou nav\u00edc dv\u011b kulat\u00e1 umyvadla na desku a dv\u011b obd\u00e9ln\u00edkov\u00e1 vestavn\u00e1 umyvadla, v\u0161echna s velmi [&hellip;]\" \/>\n<meta property=\"og:url\" content=\"https:\/\/www.domstavpro.com\/index.php\/produkt\/akce-gsi-kube-x-keramicke-umyvadlo-80x47cm-bila-extraglaze-30167\/\" \/>\n<meta property=\"og:image\" content=\"https:\/\/www.domstavpro.com\/wp-content\/uploads\/2026\/SK0028565-CZ20260425-093449-0-1777080896-gsi-kube-x-keramicke-umyvadlo-80x47cm-bila-extraglaze.webp\" \/>\n\t<meta property=\"og:image:width\" content=\"1000\" \/>\n\t<meta property=\"og:image:height\" content=\"525\" \/>\n\t<meta property=\"og:image:type\" content=\"image\/webp\" \/>\n<meta name=\"twitter:card\" content=\"summary_large_image\" \/>\n<meta name=\"twitter:label1\" content=\"Odhadovan\u00e1 doba \u010dten\u00ed\" \/>\n\t<meta name=\"twitter:data1\" content=\"2 minuty\" \/>\n<script type=\"application\/ld+json\" class=\"yoast-schema-graph\">{\"@context\":\"https:\/\/schema.org\",\"@graph\":[{\"@type\":\"WebPage\",\"@id\":\"https:\/\/www.domstavpro.com\/index.php\/produkt\/akce-gsi-kube-x-keramicke-umyvadlo-80x47cm-bila-extraglaze-30167\/\",\"url\":\"https:\/\/www.domstavpro.com\/index.php\/produkt\/akce-gsi-kube-x-keramicke-umyvadlo-80x47cm-bila-extraglaze-30167\/\",\"name\":\"Akce GSI KUBE X keramick\u00e9 umyvadlo 80x47cm, b\u00edl\u00e1 ExtraGlaze -\",\"isPartOf\":{\"@id\":\"https:\/\/www.domstavpro.com\/#website\"},\"primaryImageOfPage\":{\"@id\":\"https:\/\/www.domstavpro.com\/index.php\/produkt\/akce-gsi-kube-x-keramicke-umyvadlo-80x47cm-bila-extraglaze-30167\/#primaryimage\"},\"image\":{\"@id\":\"https:\/\/www.domstavpro.com\/index.php\/produkt\/akce-gsi-kube-x-keramicke-umyvadlo-80x47cm-bila-extraglaze-30167\/#primaryimage\"},\"thumbnailUrl\":\"https:\/\/www.domstavpro.com\/wp-content\/uploads\/2026\/SK0028565-CZ20260425-093449-0-1777080896-gsi-kube-x-keramicke-umyvadlo-80x47cm-bila-extraglaze.webp\",\"datePublished\":\"2026-04-27T15:09:04+00:00\",\"breadcrumb\":{\"@id\":\"https:\/\/www.domstavpro.com\/index.php\/produkt\/akce-gsi-kube-x-keramicke-umyvadlo-80x47cm-bila-extraglaze-30167\/#breadcrumb\"},\"inLanguage\":\"cs\",\"potentialAction\":[{\"@type\":\"ReadAction\",\"target\":[\"https:\/\/www.domstavpro.com\/index.php\/produkt\/akce-gsi-kube-x-keramicke-umyvadlo-80x47cm-bila-extraglaze-30167\/\"]}]},{\"@type\":\"ImageObject\",\"inLanguage\":\"cs\",\"@id\":\"https:\/\/www.domstavpro.com\/index.php\/produkt\/akce-gsi-kube-x-keramicke-umyvadlo-80x47cm-bila-extraglaze-30167\/#primaryimage\",\"url\":\"https:\/\/www.domstavpro.com\/wp-content\/uploads\/2026\/SK0028565-CZ20260425-093449-0-1777080896-gsi-kube-x-keramicke-umyvadlo-80x47cm-bila-extraglaze.webp\",\"contentUrl\":\"https:\/\/www.domstavpro.com\/wp-content\/uploads\/2026\/SK0028565-CZ20260425-093449-0-1777080896-gsi-kube-x-keramicke-umyvadlo-80x47cm-bila-extraglaze.webp\",\"width\":1000,\"height\":525},{\"@type\":\"BreadcrumbList\",\"@id\":\"https:\/\/www.domstavpro.com\/index.php\/produkt\/akce-gsi-kube-x-keramicke-umyvadlo-80x47cm-bila-extraglaze-30167\/#breadcrumb\",\"itemListElement\":[{\"@type\":\"ListItem\",\"position\":1,\"name\":\"Home\",\"item\":\"https:\/\/www.domstavpro.com\/\"},{\"@type\":\"ListItem\",\"position\":2,\"name\":\"Products\",\"item\":\"https:\/\/www.domstavpro.com\/index.php\/products\/\"},{\"@type\":\"ListItem\",\"position\":3,\"name\":\"Akce GSI KUBE X keramick\u00e9 umyvadlo 80x47cm, b\u00edl\u00e1 ExtraGlaze\"}]},{\"@type\":\"WebSite\",\"@id\":\"https:\/\/www.domstavpro.com\/#website\",\"url\":\"https:\/\/www.domstavpro.com\/\",\"name\":\"\",\"description\":\"\",\"potentialAction\":[{\"@type\":\"SearchAction\",\"target\":{\"@type\":\"EntryPoint\",\"urlTemplate\":\"https:\/\/www.domstavpro.com\/?s={search_term_string}\"},\"query-input\":{\"@type\":\"PropertyValueSpecification\",\"valueRequired\":true,\"valueName\":\"search_term_string\"}}],\"inLanguage\":\"cs\"}]}<\/script>\n<!-- \/ Yoast SEO plugin. -->","yoast_head_json":{"title":"Akce GSI KUBE X keramick\u00e9 umyvadlo 80x47cm, b\u00edl\u00e1 ExtraGlaze -","robots":{"index":"index","follow":"follow","max-snippet":"max-snippet:-1","max-image-preview":"max-image-preview:large","max-video-preview":"max-video-preview:-1"},"canonical":"https:\/\/www.domstavpro.com\/index.php\/produkt\/akce-gsi-kube-x-keramicke-umyvadlo-80x47cm-bila-extraglaze-30167\/","og_locale":"cs_CZ","og_type":"article","og_title":"Akce GSI KUBE X keramick\u00e9 umyvadlo 80x47cm, b\u00edl\u00e1 ExtraGlaze -","og_description":"S\u00e9rie KUBE X vych\u00e1z\u00ed ze sou\u010dasn\u00e9ho trendu pravo\u00fahl\u00fdch tvar\u016f s \u00fasporn\u00fdmi liniemi a \u0161t\u00edhl\u00fdmi hranami. Kolekce nab\u00edz\u00ed \u010dtvercov\u00e1 umyvadla od v\u011bt\u0161\u00edch a\u017e po nejmen\u0161\u00ed velikosti s mo\u017enost\u00ed instalace zav\u011b\u0161en\u00edm na st\u011bnu a k polo\u017een\u00ed na desku nebo sk\u0159\u00ed\u0148ku.Sou\u010d\u00e1st\u00ed s\u00e9rie umyvadel jsou nav\u00edc dv\u011b kulat\u00e1 umyvadla na desku a dv\u011b obd\u00e9ln\u00edkov\u00e1 vestavn\u00e1 umyvadla, v\u0161echna s velmi [&hellip;]","og_url":"https:\/\/www.domstavpro.com\/index.php\/produkt\/akce-gsi-kube-x-keramicke-umyvadlo-80x47cm-bila-extraglaze-30167\/","og_image":[{"width":1000,"height":525,"url":"https:\/\/www.domstavpro.com\/wp-content\/uploads\/2026\/SK0028565-CZ20260425-093449-0-1777080896-gsi-kube-x-keramicke-umyvadlo-80x47cm-bila-extraglaze.webp","type":"image\/webp"}],"twitter_card":"summary_large_image","twitter_misc":{"Odhadovan\u00e1 doba \u010dten\u00ed":"2 minuty"},"schema":{"@context":"https:\/\/schema.org","@graph":[{"@type":"WebPage","@id":"https:\/\/www.domstavpro.com\/index.php\/produkt\/akce-gsi-kube-x-keramicke-umyvadlo-80x47cm-bila-extraglaze-30167\/","url":"https:\/\/www.domstavpro.com\/index.php\/produkt\/akce-gsi-kube-x-keramicke-umyvadlo-80x47cm-bila-extraglaze-30167\/","name":"Akce GSI KUBE X keramick\u00e9 umyvadlo 80x47cm, b\u00edl\u00e1 ExtraGlaze -","isPartOf":{"@id":"https:\/\/www.domstavpro.com\/#website"},"primaryImageOfPage":{"@id":"https:\/\/www.domstavpro.com\/index.php\/produkt\/akce-gsi-kube-x-keramicke-umyvadlo-80x47cm-bila-extraglaze-30167\/#primaryimage"},"image":{"@id":"https:\/\/www.domstavpro.com\/index.php\/produkt\/akce-gsi-kube-x-keramicke-umyvadlo-80x47cm-bila-extraglaze-30167\/#primaryimage"},"thumbnailUrl":"https:\/\/www.domstavpro.com\/wp-content\/uploads\/2026\/SK0028565-CZ20260425-093449-0-1777080896-gsi-kube-x-keramicke-umyvadlo-80x47cm-bila-extraglaze.webp","datePublished":"2026-04-27T15:09:04+00:00","breadcrumb":{"@id":"https:\/\/www.domstavpro.com\/index.php\/produkt\/akce-gsi-kube-x-keramicke-umyvadlo-80x47cm-bila-extraglaze-30167\/#breadcrumb"},"inLanguage":"cs","potentialAction":[{"@type":"ReadAction","target":["https:\/\/www.domstavpro.com\/index.php\/produkt\/akce-gsi-kube-x-keramicke-umyvadlo-80x47cm-bila-extraglaze-30167\/"]}]},{"@type":"ImageObject","inLanguage":"cs","@id":"https:\/\/www.domstavpro.com\/index.php\/produkt\/akce-gsi-kube-x-keramicke-umyvadlo-80x47cm-bila-extraglaze-30167\/#primaryimage","url":"https:\/\/www.domstavpro.com\/wp-content\/uploads\/2026\/SK0028565-CZ20260425-093449-0-1777080896-gsi-kube-x-keramicke-umyvadlo-80x47cm-bila-extraglaze.webp","contentUrl":"https:\/\/www.domstavpro.com\/wp-content\/uploads\/2026\/SK0028565-CZ20260425-093449-0-1777080896-gsi-kube-x-keramicke-umyvadlo-80x47cm-bila-extraglaze.webp","width":1000,"height":525},{"@type":"BreadcrumbList","@id":"https:\/\/www.domstavpro.com\/index.php\/produkt\/akce-gsi-kube-x-keramicke-umyvadlo-80x47cm-bila-extraglaze-30167\/#breadcrumb","itemListElement":[{"@type":"ListItem","position":1,"name":"Home","item":"https:\/\/www.domstavpro.com\/"},{"@type":"ListItem","position":2,"name":"Products","item":"https:\/\/www.domstavpro.com\/index.php\/products\/"},{"@type":"ListItem","position":3,"name":"Akce GSI KUBE X keramick\u00e9 umyvadlo 80x47cm, b\u00edl\u00e1 ExtraGlaze"}]},{"@type":"WebSite","@id":"https:\/\/www.domstavpro.com\/#website","url":"https:\/\/www.domstavpro.com\/","name":"","description":"","potentialAction":[{"@type":"SearchAction","target":{"@type":"EntryPoint","urlTemplate":"https:\/\/www.domstavpro.com\/?s={search_term_string}"},"query-input":{"@type":"PropertyValueSpecification","valueRequired":true,"valueName":"search_term_string"}}],"inLanguage":"cs"}]}},"_links":{"self":[{"href":"https:\/\/www.domstavpro.com\/index.php\/wp-json\/wp\/v2\/product\/30167","targetHints":{"allow":["GET"]}}],"collection":[{"href":"https:\/\/www.domstavpro.com\/index.php\/wp-json\/wp\/v2\/product"}],"about":[{"href":"https:\/\/www.domstavpro.com\/index.php\/wp-json\/wp\/v2\/types\/product"}],"replies":[{"embeddable":true,"href":"https:\/\/www.domstavpro.com\/index.php\/wp-json\/wp\/v2\/comments?post=30167"}],"wp:featuredmedia":[{"embeddable":true,"href":"https:\/\/www.domstavpro.com\/index.php\/wp-json\/wp\/v2\/media\/30267"}],"wp:attachment":[{"href":"https:\/\/www.domstavpro.com\/index.php\/wp-json\/wp\/v2\/media?parent=30167"}],"wp:term":[{"taxonomy":"product_brand","embeddable":true,"href":"https:\/\/www.domstavpro.com\/index.php\/wp-json\/wp\/v2\/product_brand?post=30167"},{"taxonomy":"product_cat","embeddable":true,"href":"https:\/\/www.domstavpro.com\/index.php\/wp-json\/wp\/v2\/product_cat?post=30167"},{"taxonomy":"product_tag","embeddable":true,"href":"https:\/\/www.domstavpro.com\/index.php\/wp-json\/wp\/v2\/product_tag?post=30167"}],"curies":[{"name":"wp","href":"https:\/\/api.w.org\/{rel}","templated":true}]}}