{"id":15498,"date":"2026-04-27T15:08:29","date_gmt":"2026-04-27T15:08:29","guid":{"rendered":""},"modified":"2026-04-27T15:08:29","modified_gmt":"2026-04-27T15:08:29","slug":"chambord-francois-895-0-bila-nova-kolekce-15498","status":"publish","type":"product","link":"https:\/\/www.domstavpro.com\/index.php\/produkt\/chambord-francois-895-0-bila-nova-kolekce-15498\/","title":{"rendered":"Chambord Francois 895.0  B\u00edl\u00e1 Nov\u00e1 Kolekce"},"content":{"rendered":"<div id=\"e7917740\" class=\"pages\">\n<div>\n<div id=\"PDDescription\" class=\"UserContentView userContent v1a v1 bs-view dcon dc164 PDDescription\" ><dc-con><dc-con><bs-empty><\/bs-empty><\/dc-con><dc-con>        <\/p>\n<div class=\"customDescription\">                    <\/div>\n<p><\/dc-con><dc-con><\/p>\n<div class=\"rowNewText\">\n<p>N\u011bmeck\u00e1 firma&nbsp;<b>Villeroy &amp; Boch<\/b>&nbsp;vyr\u00e1b\u00ed exkluzivn\u011b pro francouzskou zna\u010dku&nbsp;<b>Luisina Chambord&nbsp;<\/b>modulov\u00fd granitov\u00fd jednod\u0159ez&nbsp;<b>Chambord Francois 895.0<\/b>.<\/p>\n<\/div>\n<div class=\"rowNewText\">\n<p>Exkluzivn\u00ed, elegantn\u00ed a neobvykl\u00fd vzhled d\u0159ezu v\u00e1s <b>upout\u00e1 na prvn\u00ed pohled<\/b>. D\u0159ez skv\u011ble zapadne nejen do klasick\u00e9 anglick\u00e9 kuchyn\u011b, ale i do kuchyn\u011b stylu Provence. D\u0159ez disponuje viditelnou p\u0159edn\u00ed stranou a zv\u00fd\u0161en\u00fdm zadn\u00edm okrajem. Modern\u00ed design s lehk\u00fdm n\u00e1znakem minulosti.&nbsp;<\/p>\n<\/div>\n<div class=\"rowNewText\">\n<p>Hloubka vani\u010dky 22 cm je dostate\u010dn\u011b pohodln\u00e1 pro myt\u00ed objemn\u00fdch hrnc\u016f a pe\u010d\u00edc\u00edch plech\u016f.&nbsp;<b>Modulov\u00e9 d\u0159ezy<\/b> slav\u00ed sv\u016fj comeback ve sv\u011bt\u011b kuchyn\u00ed stejn\u011b jako rustik\u00e1ln\u00ed styl.&nbsp;Modulov\u00fd d\u0159ez&nbsp;se osazuje p\u0159\u00edmo na sk\u0159\u00ed\u0148ku. Mont\u00e1\u017e d\u0159ezu se doporu\u010duje p\u0159ev\u00e1\u017en\u011b do desek z nenas\u00e1kav\u00e9ho materi\u00e1lu. V p\u0159\u00edpad\u011b kameninov\u00e9 pracovn\u00ed desky, se d\u0159ez instaluje pod desku, v p\u0159\u00edpad\u011b d\u0159ev\u011bn\u00e9 pracovn\u00ed desky doporu\u010dujeme, aby d\u0159ez p\u0159esahoval jemn\u011b nad desku, aby se zabr\u00e1nilo kontaktu s vodou.<\/p>\n<\/div>\n<div class=\"rowNewText\">\n<p>Granitov\u00e9 d\u0159ezy Chambord se odli\u0161uj\u00ed sv\u00fdm <b>luxusn\u00edm designem a vysokou kvalitou zpracov\u00e1n\u00ed<\/b>. Mezi hlavn\u00ed v\u00fdhody granitov\u00fdch d\u0159ez\u016f pat\u0159\u00ed vysok\u00e1 odolnost v\u016f\u010di n\u00e1razu, vrypu, vysok\u00e1 teplotn\u00ed odolnost, hygienick\u00e1 nez\u00e1vadnost.<\/p>\n<\/div>\n<div class=\"rowNewText\">\n<p><b>Kl\u00ed\u010dov\u00e9 vlastnosti kuchy\u0148sk\u00e9ho d\u0159ezu CHAMBORD FRANCOIS 895.0<\/b><\/p>\n<\/div>\n<div class=\"rowNewText\">\n<ul>\n<li>granitov\u00fd d\u0159ez v b\u00edl\u00e9 nebo \u010dern\u00e9 barv\u011b s odkapem<\/li>\n<li>Francois 895.0 m\u00e1 prodlou\u017eenou z\u00e1ruku 5 let<\/li>\n<li>ide\u00e1ln\u00ed nejen do anglick\u00e9 kuchyn\u011b, ale i do Provence stylu<\/li>\n<li>viditeln\u00e1 p\u0159edn\u00ed strana a zv\u00fd\u0161en\u00fd zadn\u00ed okraj d\u0159ezu<\/li>\n<li>modulov\u00e1 mont\u00e1\u017e<\/li>\n<li>dostate\u010dn\u011b hlubok\u00e1 vani\u010dka (22 cm)<\/li>\n<li>vhodn\u00fd do sk\u0159\u00ed\u0148ky od 90 cm<\/li>\n<\/ul>\n<\/div>\n<div class=\"rowNewText\">\n<p><i>Pozn\u00e1mka: Vzhledem ke zp\u016fsobu, kter\u00fdm jsou \u017eulov\u00e9 d\u0159ezy vyr\u00e1b\u011bny, lze velmi obt\u00ed\u017en\u011b dos\u00e1hnout jasn\u011b \u010dern\u00e9 barvy. D\u0159ez v \u010dern\u00e9m proveden\u00ed sm\u011b\u0159uje barevn\u011b sp\u00ed\u0161e k velmi tmav\u011b \u0161ed\u00e9 barv\u011b. Pro perfektn\u00ed \u010dernou doporu\u010dujeme keramick\u00e9 d\u0159ezy.&nbsp;<\/i><\/p>\n<\/div>\n<div class=\"rowNewText\">\n<p><i>UPOZORN\u011aN\u00cd:&nbsp;D\u00edky tradi\u010dn\u00ed v\u00fdrobn\u00ed technologii, odlev\u00e1n\u00ed d\u0159ez\u016f do forem se mohou rozm\u011bry d\u0159ezu m\u00edrn\u011b li\u0161it. Z tohoto d\u016fvodu nen\u00ed v\u00fdrobce schopen&nbsp;zaru\u010dit p\u0159esn\u00e9 rozm\u011bry uveden\u00e9 v technick\u00e9 specifikaci. P\u0159i n\u00e1vrhu kuchyn\u011b proto po\u010d\u00edtejte s jistou toleranc\u00ed, nejl\u00e9pe pracujte p\u0159\u00edmo s konkr\u00e9tn\u00edm d\u0159ezem. D\u011bkujeme za pochopen\u00ed. V\u0161echny na\u0161e vysoce kvalitn\u00ed v\u00fdrobky jsou ru\u010dn\u011b dokon\u010dov\u00e1ny a kontrolov\u00e1ny na\u0161\u00edm vysoce kvalifikovan\u00fdm a zku\u0161en\u00fdm t\u00fdmem profesion\u00e1l\u016f.<\/i><\/p>\n<\/div>\n<p><\/dc-con><\/dc-con><\/div>\n<div id=\"PDDescription2\" class=\"UserContentView userContent v1a v1 bs-view dcon dc165 PDDescription2\" >\n<table class='techparam_table'>\n<tr>\n<td>Mo\u017enost odvrtat dal\u0161\u00ed otvor<\/td>\n<td>Ne<\/td>\n<\/tr>\n<tr>\n<td>Materi\u00e1l d\u0159ezu<\/td>\n<td>Granit<\/td>\n<\/tr>\n<tr>\n<td>Typ d\u0159ezu<\/td>\n<td>D\u0159ez s odkapem<\/td>\n<\/tr>\n<tr>\n<td>\u0160\u00ed\u0159ka obalu<\/td>\n<td>62,5<\/td>\n<\/tr>\n<tr>\n<td>V\u00fd\u0161ka obalu<\/td>\n<td>80<\/td>\n<\/tr>\n<tr>\n<td>Hloubka obalu<\/td>\n<td>91<\/td>\n<\/tr>\n<tr>\n<td>V\u00e1ha v\u010d. obalu (kg)<\/td>\n<td>35<\/td>\n<\/tr>\n<tr>\n<td>\u0160\u00ed\u0159ka d\u0159ezu<\/td>\n<td>61<\/td>\n<\/tr>\n<tr>\n<td>D\u00e9lka d\u0159ezu<\/td>\n<td>89,5<\/td>\n<\/tr>\n<tr>\n<td>Hloubka d\u0159ezu<\/td>\n<td>27,2<\/td>\n<\/tr>\n<tr>\n<td>Hmotnost d\u0159ezu (kg)<\/td>\n<td>33<\/td>\n<\/tr>\n<tr>\n<td>D\u00e9lka vani\u010dky<\/td>\n<td>42,5<\/td>\n<\/tr>\n<tr>\n<td>\u0160\u00ed\u0159ka vani\u010dky<\/td>\n<td>49,5<\/td>\n<\/tr>\n<tr>\n<td>Hloubka vani\u010dky<\/td>\n<td>22<\/td>\n<\/tr>\n<tr>\n<td>Minim\u00e1ln\u00ed \u0161\u00ed\u0159ka sk\u0159\u00ednky<\/td>\n<td>90<\/td>\n<\/tr>\n<tr>\n<td>\u0160\u00ed\u0159ka kuchy\u0148sk\u00e9 sk\u0159\u00ed\u0148ky<\/td>\n<td>90 cm<\/td>\n<\/tr>\n<tr>\n<td>Orientace<\/td>\n<td>Vani\u010dka je na levo<\/td>\n<\/tr>\n<tr>\n<td>Typ mont\u00e1\u017ee d\u0159ezu<\/td>\n<td>Modulov\u00fd<\/td>\n<\/tr>\n<tr>\n<td>P\u0159edvrtan\u00fd otvor <\/td>\n<td>Baterie<\/td>\n<\/tr>\n<tr>\n<td>Styl d\u0159ezu<\/td>\n<td>Rustik\u00e1ln\u00ed \/ Retro d\u0159ezy<\/td>\n<\/tr>\n<tr>\n<td>Barva<\/td>\n<td>B\u00edl\u00e1<\/td>\n<\/tr>\n<tr>\n<td>V\u00fdpus\u0165 d\u0159ezu<\/td>\n<td>9 cm<\/td>\n<\/tr>\n<tr>\n<td>Excentrick\u00e9 ovl\u00e1d\u00e1n\u00ed v\u00fdpust\u011b<\/td>\n<td>Ne<\/td>\n<\/tr>\n<tr>\n<td>Z\u00e1ruka<\/td>\n<td>5 let<\/td>\n<\/tr>\n<tr>\n<td>Pr\u016fm\u011br vani\u010dky<\/td>\n<td>ne<\/td>\n<\/tr>\n<tr>\n<td>K\u00f3d zbo\u017e\u00ed TARIC<\/td>\n<td>68029390<\/td>\n<\/tr>\n<tr>\n<td>Tvar d\u0159ezu<\/td>\n<td>Obd\u00e9ln\u00edkov\u00fd <\/td>\n<\/tr>\n<\/table>\n<\/div><\/div>\n<div id=\"PDTable3\" class=\"ProductDetailTableView v3a v3 bs-view dcon dc185 PDTable3\" >\n<table>\n<thead><\/thead>\n<tbody>\n<tr class=\"attribute attr_material\">\n<td class=\"caption\">Materi\u00e1l<\/td>\n<td class=\"value\">Granit<\/td>\n<\/tr>\n<tr class=\"attribute attr_typ\">\n<td class=\"caption\">Typ<\/td>\n<td class=\"value\">S odkap\u00e1vac\u00ed plochou<\/td>\n<\/tr>\n<tr class=\"attribute attr_bsshop_maker\">\n<td class=\"caption\">V\u00fdrobce<\/td>\n<td class=\"value\">Chambord<\/td>\n<\/tr>\n<\/tbody>\n<\/table>\n<\/div>\n<div id=\"ProductMedia\" class=\"ProductMediaView MediaViewBase v1a v1 bs-view dcon dc409 ProductMedia\" ><bs-empty><\/bs-empty><\/p>\n<div class=\"files\">\n<div class=\"title sub\">Soubory<\/div>\n<p><a href=\"\/media\/11331\/productsheet-chambord-ev359-006.pdf?&amp;key=ZGpmIyQwNUZfMTEzMzE=\" class=\"pdf\">ProductSheet_CHAMBORD_EV359_006.pdf<\/a><a href=\"\/media\/25053\/navod-k-montazi-modulovych-drezu.pdf?&amp;key=ZGpmIyQwNUZfMjUwNTM=\" class=\"pdf\">Navod-k-montazi-modulovych-drezu.pdf<\/a><\/div>\n<p><bs-empty><\/bs-empty><\/div>\n<\/div>\n<div id=\"e7917741\" class=\"tabs\">\n","protected":false},"excerpt":{"rendered":"<p>N\u011bmeck\u00e1 firma&nbsp;Villeroy &amp; Boch&nbsp;vyr\u00e1b\u00ed exkluzivn\u011b pro francouzskou zna\u010dku&nbsp;Luisina Chambord&nbsp;modulov\u00fd granitov\u00fd jednod\u0159ez&nbsp;Chambord Francois 895.0. Exkluzivn\u00ed, elegantn\u00ed a neobvykl\u00fd vzhled d\u0159ezu v\u00e1s upout\u00e1 na prvn\u00ed pohled. D\u0159ez skv\u011ble zapadne nejen do klasick\u00e9 anglick\u00e9 kuchyn\u011b, ale i do kuchyn\u011b stylu Provence. D\u0159ez disponuje viditelnou p\u0159edn\u00ed stranou a zv\u00fd\u0161en\u00fdm zadn\u00edm okrajem. Modern\u00ed design s lehk\u00fdm n\u00e1znakem minulosti.&nbsp; Hloubka vani\u010dky [&hellip;]<\/p>\n","protected":false},"featured_media":15598,"comment_status":"open","ping_status":"open","template":"","meta":[],"product_brand":[],"product_cat":[66],"product_tag":[],"class_list":{"0":"post-15498","1":"product","2":"type-product","3":"status-publish","4":"has-post-thumbnail","6":"product_cat-pochutiny-dum-a-zahrada","8":"first","9":"instock","10":"sale","11":"shipping-taxable","12":"purchasable","13":"product-type-simple"},"yoast_head":"<!-- This site is optimized with the Yoast SEO plugin v26.8 - https:\/\/yoast.com\/product\/yoast-seo-wordpress\/ -->\n<title>Chambord Francois 895.0 B\u00edl\u00e1 Nov\u00e1 Kolekce -<\/title>\n<meta name=\"robots\" content=\"index, follow, max-snippet:-1, max-image-preview:large, max-video-preview:-1\" \/>\n<link rel=\"canonical\" href=\"https:\/\/www.domstavpro.com\/index.php\/produkt\/chambord-francois-895-0-bila-nova-kolekce-15498\/\" \/>\n<meta property=\"og:locale\" content=\"cs_CZ\" \/>\n<meta property=\"og:type\" content=\"article\" \/>\n<meta property=\"og:title\" content=\"Chambord Francois 895.0 B\u00edl\u00e1 Nov\u00e1 Kolekce -\" \/>\n<meta property=\"og:description\" content=\"N\u011bmeck\u00e1 firma&nbsp;Villeroy &amp; Boch&nbsp;vyr\u00e1b\u00ed exkluzivn\u011b pro francouzskou zna\u010dku&nbsp;Luisina Chambord&nbsp;modulov\u00fd granitov\u00fd jednod\u0159ez&nbsp;Chambord Francois 895.0. Exkluzivn\u00ed, elegantn\u00ed a neobvykl\u00fd vzhled d\u0159ezu v\u00e1s upout\u00e1 na prvn\u00ed pohled. D\u0159ez skv\u011ble zapadne nejen do klasick\u00e9 anglick\u00e9 kuchyn\u011b, ale i do kuchyn\u011b stylu Provence. D\u0159ez disponuje viditelnou p\u0159edn\u00ed stranou a zv\u00fd\u0161en\u00fdm zadn\u00edm okrajem. Modern\u00ed design s lehk\u00fdm n\u00e1znakem minulosti.&nbsp; Hloubka vani\u010dky [&hellip;]\" \/>\n<meta property=\"og:url\" content=\"https:\/\/www.domstavpro.com\/index.php\/produkt\/chambord-francois-895-0-bila-nova-kolekce-15498\/\" \/>\n<meta property=\"og:image\" content=\"https:\/\/www.domstavpro.com\/wp-content\/uploads\/2026\/SK0026922-CZ20260425-093449-0-1777080896-chambord-francois-895-0-bila.webp\" \/>\n\t<meta property=\"og:image:width\" content=\"1000\" \/>\n\t<meta property=\"og:image:height\" content=\"525\" \/>\n\t<meta property=\"og:image:type\" content=\"image\/webp\" \/>\n<meta name=\"twitter:card\" content=\"summary_large_image\" \/>\n<meta name=\"twitter:label1\" content=\"Odhadovan\u00e1 doba \u010dten\u00ed\" \/>\n\t<meta name=\"twitter:data1\" content=\"3 minuty\" \/>\n<script type=\"application\/ld+json\" class=\"yoast-schema-graph\">{\"@context\":\"https:\/\/schema.org\",\"@graph\":[{\"@type\":\"WebPage\",\"@id\":\"https:\/\/www.domstavpro.com\/index.php\/produkt\/chambord-francois-895-0-bila-nova-kolekce-15498\/\",\"url\":\"https:\/\/www.domstavpro.com\/index.php\/produkt\/chambord-francois-895-0-bila-nova-kolekce-15498\/\",\"name\":\"Chambord Francois 895.0 B\u00edl\u00e1 Nov\u00e1 Kolekce -\",\"isPartOf\":{\"@id\":\"https:\/\/www.domstavpro.com\/#website\"},\"primaryImageOfPage\":{\"@id\":\"https:\/\/www.domstavpro.com\/index.php\/produkt\/chambord-francois-895-0-bila-nova-kolekce-15498\/#primaryimage\"},\"image\":{\"@id\":\"https:\/\/www.domstavpro.com\/index.php\/produkt\/chambord-francois-895-0-bila-nova-kolekce-15498\/#primaryimage\"},\"thumbnailUrl\":\"https:\/\/www.domstavpro.com\/wp-content\/uploads\/2026\/SK0026922-CZ20260425-093449-0-1777080896-chambord-francois-895-0-bila.webp\",\"datePublished\":\"2026-04-27T15:08:29+00:00\",\"breadcrumb\":{\"@id\":\"https:\/\/www.domstavpro.com\/index.php\/produkt\/chambord-francois-895-0-bila-nova-kolekce-15498\/#breadcrumb\"},\"inLanguage\":\"cs\",\"potentialAction\":[{\"@type\":\"ReadAction\",\"target\":[\"https:\/\/www.domstavpro.com\/index.php\/produkt\/chambord-francois-895-0-bila-nova-kolekce-15498\/\"]}]},{\"@type\":\"ImageObject\",\"inLanguage\":\"cs\",\"@id\":\"https:\/\/www.domstavpro.com\/index.php\/produkt\/chambord-francois-895-0-bila-nova-kolekce-15498\/#primaryimage\",\"url\":\"https:\/\/www.domstavpro.com\/wp-content\/uploads\/2026\/SK0026922-CZ20260425-093449-0-1777080896-chambord-francois-895-0-bila.webp\",\"contentUrl\":\"https:\/\/www.domstavpro.com\/wp-content\/uploads\/2026\/SK0026922-CZ20260425-093449-0-1777080896-chambord-francois-895-0-bila.webp\",\"width\":1000,\"height\":525},{\"@type\":\"BreadcrumbList\",\"@id\":\"https:\/\/www.domstavpro.com\/index.php\/produkt\/chambord-francois-895-0-bila-nova-kolekce-15498\/#breadcrumb\",\"itemListElement\":[{\"@type\":\"ListItem\",\"position\":1,\"name\":\"Home\",\"item\":\"https:\/\/www.domstavpro.com\/\"},{\"@type\":\"ListItem\",\"position\":2,\"name\":\"Products\",\"item\":\"https:\/\/www.domstavpro.com\/index.php\/products\/\"},{\"@type\":\"ListItem\",\"position\":3,\"name\":\"Chambord Francois 895.0 B\u00edl\u00e1 Nov\u00e1 Kolekce\"}]},{\"@type\":\"WebSite\",\"@id\":\"https:\/\/www.domstavpro.com\/#website\",\"url\":\"https:\/\/www.domstavpro.com\/\",\"name\":\"\",\"description\":\"\",\"potentialAction\":[{\"@type\":\"SearchAction\",\"target\":{\"@type\":\"EntryPoint\",\"urlTemplate\":\"https:\/\/www.domstavpro.com\/?s={search_term_string}\"},\"query-input\":{\"@type\":\"PropertyValueSpecification\",\"valueRequired\":true,\"valueName\":\"search_term_string\"}}],\"inLanguage\":\"cs\"}]}<\/script>\n<!-- \/ Yoast SEO plugin. -->","yoast_head_json":{"title":"Chambord Francois 895.0 B\u00edl\u00e1 Nov\u00e1 Kolekce -","robots":{"index":"index","follow":"follow","max-snippet":"max-snippet:-1","max-image-preview":"max-image-preview:large","max-video-preview":"max-video-preview:-1"},"canonical":"https:\/\/www.domstavpro.com\/index.php\/produkt\/chambord-francois-895-0-bila-nova-kolekce-15498\/","og_locale":"cs_CZ","og_type":"article","og_title":"Chambord Francois 895.0 B\u00edl\u00e1 Nov\u00e1 Kolekce -","og_description":"N\u011bmeck\u00e1 firma&nbsp;Villeroy &amp; Boch&nbsp;vyr\u00e1b\u00ed exkluzivn\u011b pro francouzskou zna\u010dku&nbsp;Luisina Chambord&nbsp;modulov\u00fd granitov\u00fd jednod\u0159ez&nbsp;Chambord Francois 895.0. Exkluzivn\u00ed, elegantn\u00ed a neobvykl\u00fd vzhled d\u0159ezu v\u00e1s upout\u00e1 na prvn\u00ed pohled. D\u0159ez skv\u011ble zapadne nejen do klasick\u00e9 anglick\u00e9 kuchyn\u011b, ale i do kuchyn\u011b stylu Provence. D\u0159ez disponuje viditelnou p\u0159edn\u00ed stranou a zv\u00fd\u0161en\u00fdm zadn\u00edm okrajem. Modern\u00ed design s lehk\u00fdm n\u00e1znakem minulosti.&nbsp; Hloubka vani\u010dky [&hellip;]","og_url":"https:\/\/www.domstavpro.com\/index.php\/produkt\/chambord-francois-895-0-bila-nova-kolekce-15498\/","og_image":[{"width":1000,"height":525,"url":"https:\/\/www.domstavpro.com\/wp-content\/uploads\/2026\/SK0026922-CZ20260425-093449-0-1777080896-chambord-francois-895-0-bila.webp","type":"image\/webp"}],"twitter_card":"summary_large_image","twitter_misc":{"Odhadovan\u00e1 doba \u010dten\u00ed":"3 minuty"},"schema":{"@context":"https:\/\/schema.org","@graph":[{"@type":"WebPage","@id":"https:\/\/www.domstavpro.com\/index.php\/produkt\/chambord-francois-895-0-bila-nova-kolekce-15498\/","url":"https:\/\/www.domstavpro.com\/index.php\/produkt\/chambord-francois-895-0-bila-nova-kolekce-15498\/","name":"Chambord Francois 895.0 B\u00edl\u00e1 Nov\u00e1 Kolekce -","isPartOf":{"@id":"https:\/\/www.domstavpro.com\/#website"},"primaryImageOfPage":{"@id":"https:\/\/www.domstavpro.com\/index.php\/produkt\/chambord-francois-895-0-bila-nova-kolekce-15498\/#primaryimage"},"image":{"@id":"https:\/\/www.domstavpro.com\/index.php\/produkt\/chambord-francois-895-0-bila-nova-kolekce-15498\/#primaryimage"},"thumbnailUrl":"https:\/\/www.domstavpro.com\/wp-content\/uploads\/2026\/SK0026922-CZ20260425-093449-0-1777080896-chambord-francois-895-0-bila.webp","datePublished":"2026-04-27T15:08:29+00:00","breadcrumb":{"@id":"https:\/\/www.domstavpro.com\/index.php\/produkt\/chambord-francois-895-0-bila-nova-kolekce-15498\/#breadcrumb"},"inLanguage":"cs","potentialAction":[{"@type":"ReadAction","target":["https:\/\/www.domstavpro.com\/index.php\/produkt\/chambord-francois-895-0-bila-nova-kolekce-15498\/"]}]},{"@type":"ImageObject","inLanguage":"cs","@id":"https:\/\/www.domstavpro.com\/index.php\/produkt\/chambord-francois-895-0-bila-nova-kolekce-15498\/#primaryimage","url":"https:\/\/www.domstavpro.com\/wp-content\/uploads\/2026\/SK0026922-CZ20260425-093449-0-1777080896-chambord-francois-895-0-bila.webp","contentUrl":"https:\/\/www.domstavpro.com\/wp-content\/uploads\/2026\/SK0026922-CZ20260425-093449-0-1777080896-chambord-francois-895-0-bila.webp","width":1000,"height":525},{"@type":"BreadcrumbList","@id":"https:\/\/www.domstavpro.com\/index.php\/produkt\/chambord-francois-895-0-bila-nova-kolekce-15498\/#breadcrumb","itemListElement":[{"@type":"ListItem","position":1,"name":"Home","item":"https:\/\/www.domstavpro.com\/"},{"@type":"ListItem","position":2,"name":"Products","item":"https:\/\/www.domstavpro.com\/index.php\/products\/"},{"@type":"ListItem","position":3,"name":"Chambord Francois 895.0 B\u00edl\u00e1 Nov\u00e1 Kolekce"}]},{"@type":"WebSite","@id":"https:\/\/www.domstavpro.com\/#website","url":"https:\/\/www.domstavpro.com\/","name":"","description":"","potentialAction":[{"@type":"SearchAction","target":{"@type":"EntryPoint","urlTemplate":"https:\/\/www.domstavpro.com\/?s={search_term_string}"},"query-input":{"@type":"PropertyValueSpecification","valueRequired":true,"valueName":"search_term_string"}}],"inLanguage":"cs"}]}},"_links":{"self":[{"href":"https:\/\/www.domstavpro.com\/index.php\/wp-json\/wp\/v2\/product\/15498","targetHints":{"allow":["GET"]}}],"collection":[{"href":"https:\/\/www.domstavpro.com\/index.php\/wp-json\/wp\/v2\/product"}],"about":[{"href":"https:\/\/www.domstavpro.com\/index.php\/wp-json\/wp\/v2\/types\/product"}],"replies":[{"embeddable":true,"href":"https:\/\/www.domstavpro.com\/index.php\/wp-json\/wp\/v2\/comments?post=15498"}],"wp:featuredmedia":[{"embeddable":true,"href":"https:\/\/www.domstavpro.com\/index.php\/wp-json\/wp\/v2\/media\/15598"}],"wp:attachment":[{"href":"https:\/\/www.domstavpro.com\/index.php\/wp-json\/wp\/v2\/media?parent=15498"}],"wp:term":[{"taxonomy":"product_brand","embeddable":true,"href":"https:\/\/www.domstavpro.com\/index.php\/wp-json\/wp\/v2\/product_brand?post=15498"},{"taxonomy":"product_cat","embeddable":true,"href":"https:\/\/www.domstavpro.com\/index.php\/wp-json\/wp\/v2\/product_cat?post=15498"},{"taxonomy":"product_tag","embeddable":true,"href":"https:\/\/www.domstavpro.com\/index.php\/wp-json\/wp\/v2\/product_tag?post=15498"}],"curies":[{"name":"wp","href":"https:\/\/api.w.org\/{rel}","templated":true}]}}